{"id":3332,"date":"2022-01-08T10:16:03","date_gmt":"2022-01-08T10:16:03","guid":{"rendered":"https:\/\/www.spky.fi\/wopr\/?page_id=3332"},"modified":"2022-11-06T15:49:34","modified_gmt":"2022-11-06T15:49:34","slug":"lahtolistat-ja-tulokset-2022","status":"publish","type":"page","link":"https:\/\/www.spky.fi\/wopr\/lahtolistat-ja-tulokset-2022\/","title":{"rendered":"L\u00e4ht\u00f6listat ja tulokset 2022"},"content":{"rendered":"\n<ul>\n<li style=\"list-style-type: none;\">\n<ul>\n<li style=\"list-style-type: none;\">\n<ul>\n<li><a href=\"https:\/\/www.spky.fi\/wopr\/wp-content\/uploads\/2022\/05\/Lahtolista-Halikko-8.-9.5.-2022-sunnuntai.pdf\" target=\"_blank\" rel=\"noopener\"><strong>Su 8.5. Halikko, Peppi Laine, 3-luokka.<\/strong> <\/a>\u00a0\n<ul>\n<li><a href=\"https:\/\/www.spky.fi\/wopr\/wp-content\/uploads\/2022\/05\/Halikko_su08052022.jpg\" target=\"_blank\" rel=\"noopener\">Tulokset su 8.5.2022<\/a><\/li>\n<\/ul>\n<\/li>\n<li><a style=\"font-size: revert;\" href=\"https:\/\/www.spky.fi\/wopr\/wp-content\/uploads\/2022\/05\/Lahtolista-Halikko-8.-9.5.-2022-maanantai.pdf\" target=\"_blank\" rel=\"noopener\"><strong>Ma 9.5. Halikko, Peppi Laine, 3-luokka.<\/strong> <\/a>\u00a0\n<ul>\n<li><a href=\"https:\/\/www.spky.fi\/wopr\/wp-content\/uploads\/2022\/05\/Halikko_ma09052022.jpg\" target=\"_blank\" rel=\"noopener\">Tulokset ma 9.5.2022<\/a><\/li>\n<\/ul>\n<\/li>\n<li><a href=\"https:\/\/www.spky.fi\/wopr\/wp-content\/uploads\/2022\/05\/Lahtolista-Halikko-la-14.5.2022-1.pdf\" target=\"_blank\" rel=\"noopener\"><strong>La 14.5. Halikko, Peppi Laine, 2-luokka.<\/strong>\u00a0<\/a>\n<ul>\n<li><a href=\"https:\/\/www.spky.fi\/wopr\/wp-content\/uploads\/2022\/05\/Halikko_la14052022-1.jpg\" target=\"_blank\" rel=\"noopener\">Tulokset la 14.5.2022<\/a>\u00a0<\/li>\n<li><a href=\"https:\/\/www.spky.fi\/wopr\/wp-content\/uploads\/2022\/05\/Halikko-la-14.5.2022-2.lahto_.jpg\" target=\"_blank\" rel=\"noopener\">Tulokset 2. l\u00e4ht\u00f6 la 14.5.2022<\/a><\/li>\n<\/ul>\n<\/li>\n<li>\u00a0<a href=\"https:\/\/www.spky.fi\/wopr\/wp-content\/uploads\/2022\/05\/Rantasalmi-pe-20.5.2022.pdf\" target=\"_blank\" rel=\"noopener\"><strong style=\"font-size: revert;\">Pe 20.5. Rantasalmi, Putkisalo, Anja Lehti\u00f6, 2-luokka.<\/strong><\/a>\u00a0\n<ul>\n<li><a href=\"https:\/\/www.spky.fi\/wopr\/wp-content\/uploads\/2022\/05\/Putkisalo-pe-20.5.2022-2-luokka.jpg\" target=\"_blank\" rel=\"noopener\">Tulokset pe 20.5.2022<\/a><\/li>\n<\/ul>\n<\/li>\n<li>\u00a0<strong style=\"font-size: revert;\"><a href=\"https:\/\/www.spky.fi\/wopr\/wp-content\/uploads\/2022\/05\/Rantasalmi-la-21.5.2022.pdf\" target=\"_blank\" rel=\"noopener\">La 21.5. Rantasalmi, Putkisalo, Anja Lehti\u00f6, 3-luokka.<\/a> <\/strong>\n<ul>\n<li><a href=\"https:\/\/www.spky.fi\/wopr\/wp-content\/uploads\/2022\/05\/Putkisalo-la-21.5.2022-1.lahto_.jpg\" target=\"_blank\" rel=\"noopener\">Tulokset 1. l\u00e4ht\u00f6 <\/a><\/li>\n<li><a href=\"https:\/\/www.spky.fi\/wopr\/wp-content\/uploads\/2022\/05\/Putkisalo-la-21.5.2022-jatko.jpg\" target=\"_blank\" rel=\"noopener\">1. l\u00e4hd\u00f6n tulosten jatko-osa<\/a><\/li>\n<li><a href=\"https:\/\/www.spky.fi\/wopr\/wp-content\/uploads\/2022\/05\/Putkisalo-la-21.5.2022-2.lahto_.jpg\" target=\"_blank\" rel=\"noopener\">Tulokset 2. l\u00e4ht\u00f6<\/a><\/li>\n<\/ul>\n<\/li>\n<li><a href=\"https:\/\/www.spky.fi\/wopr\/wp-content\/uploads\/2022\/05\/Lahtolista-Rantasalmi-su-22.5.2022.pdf\" target=\"_blank\" rel=\"noopener\"><strong style=\"font-size: revert;\">Su 22.5. Rantasalmi, Putkisalo, Anja Lehti\u00f6, 3-luokka. <\/strong><\/a>\n<ul>\n<li><a href=\"https:\/\/www.spky.fi\/wopr\/wp-content\/uploads\/2022\/05\/Putkisalo-22.5.2022-1.lahto_.jpg\" target=\"_blank\" rel=\"noopener\">Tulokset 1. l\u00e4ht\u00f6<\/a><\/li>\n<li><a href=\"https:\/\/www.spky.fi\/wopr\/wp-content\/uploads\/2022\/05\/Putkisalo-22.5.2022-2.lahto_.jpg\" target=\"_blank\" rel=\"noopener\">Tulokset 2. l\u00e4ht\u00f6<\/a><\/li>\n<\/ul>\n<\/li>\n<li>\u00a0<a href=\"https:\/\/www.spky.fi\/wopr\/wp-content\/uploads\/2022\/05\/Tammisaari-la-21.5.2022.pdf\" target=\"_blank\" rel=\"noopener\"><strong style=\"font-size: revert;\">La 21.5. Raasepori, Annika Paarvio,<\/strong><span style=\"font-size: revert;\">\u00a0<\/span><strong style=\"font-size: revert;\">3-luokka.<\/strong><\/a><span style=\"font-size: revert;\">\u00a0<\/span>\n<ul>\n<li><a href=\"https:\/\/www.spky.fi\/wopr\/wp-content\/uploads\/2022\/05\/Tammisaari-la-21.5.2022.jpg\" target=\"_blank\" rel=\"noopener\">Tulokset<\/a><\/li>\n<\/ul>\n<\/li>\n<li><a href=\"https:\/\/www.spky.fi\/wopr\/wp-content\/uploads\/2022\/05\/Tammisaari-su-22.5.2022.pdf\" target=\"_blank\" rel=\"noopener\"><strong>Su 22.5. Raasepori, Annika Paarvio,<\/strong>\u00a0<strong>3-luokka.<\/strong>\u00a0<\/a>\n<ul>\n<li><a href=\"https:\/\/www.spky.fi\/wopr\/wp-content\/uploads\/2022\/05\/Tammisaari-su-22.5.2022.jpg\" target=\"_blank\" rel=\"noopener\">Tulokset<\/a><\/li>\n<\/ul>\n<\/li>\n<li><a href=\"https:\/\/www.spky.fi\/wopr\/wp-content\/uploads\/2022\/05\/Tammisaari-23.5.2022-1-2-lk.pdf\" target=\"_blank\" rel=\"noopener\"><strong>Ma 23.5. Raasepori, Annika Paarvio, 1- ja 2 luokka<\/strong><\/a><span style=\"font-size: revert;\"><strong>.<\/strong><span style=\"font-size: revert;\">\u00a0<\/span><\/span>\n<ul>\n<li><a href=\"https:\/\/www.spky.fi\/wopr\/wp-content\/uploads\/2022\/05\/Tammisaari-ma-23.5.2022-2-luokka.jpg\" target=\"_blank\" rel=\"noopener\">Tulokset<\/a><\/li>\n<\/ul>\n<\/li>\n<li style=\"text-align: left;\">\u00a0<a href=\"https:\/\/www.spky.fi\/wopr\/wp-content\/uploads\/2022\/05\/Kitee-la-4.6.2022.pdf\" target=\"_blank\" rel=\"noopener\"><strong>La 4.6. Kitee, Minna Eronen, 3-luokka.\u00a0<\/strong><\/a>\n<ul>\n<li><a href=\"https:\/\/www.spky.fi\/wopr\/wp-content\/uploads\/2022\/06\/Kitee-4.6.20221.lahto_.jpg\" target=\"_blank\" rel=\"noopener\">Tulokset 1. l\u00e4ht\u00f6<\/a><\/li>\n<li><a href=\"https:\/\/www.spky.fi\/wopr\/wp-content\/uploads\/2022\/06\/Kitee-la-4.6.2022-2.lahto_-scaled.jpg\" target=\"_blank\" rel=\"noopener\">Tulokset 2. l\u00e4ht\u00f6<\/a><\/li>\n<\/ul>\n<\/li>\n<li><a href=\"https:\/\/www.spky.fi\/wopr\/wp-content\/uploads\/2022\/05\/Kitee-su-5.6.2022.pdf\" target=\"_blank\" rel=\"noopener\"><strong>Su 5.6. Kitee, Minna Eronen, 3-luokka.\u00a0<\/strong><\/a>\n<ul>\n<li><a href=\"https:\/\/www.spky.fi\/wopr\/wp-content\/uploads\/2022\/06\/Kitee-su-5.6.2022-1.-lahto.jpg\" target=\"_blank\" rel=\"noopener\">Tulokset 1. l\u00e4ht\u00f6<\/a><\/li>\n<li><a href=\"https:\/\/www.spky.fi\/wopr\/wp-content\/uploads\/2022\/06\/Kitee-su-5.6.2022-2.lahto_.jpg\" target=\"_blank\" rel=\"noopener\">Tulokset 2. L\u00e4ht\u00f6<\/a><\/li>\n<\/ul>\n<\/li>\n<li><strong><a href=\"https:\/\/www.spky.fi\/wopr\/wp-content\/uploads\/2022\/06\/Lahtolista-la-11.6.2022-Somero.pdf\" target=\"_blank\" rel=\"noopener\">La 11.6. Somero, Elisa ja Kari Kotikoski, 3-luokka.\u00a0<\/a><\/strong>\n<ul>\n<li><a href=\"https:\/\/www.spky.fi\/wopr\/wp-content\/uploads\/2022\/06\/Somero-la-11.6.2022-1.-lahto.jpg\" target=\"_blank\" rel=\"noopener\">Tulokset 1. l\u00e4ht\u00f6<\/a><\/li>\n<li><a href=\"https:\/\/www.spky.fi\/wopr\/wp-content\/uploads\/2022\/06\/Somero-la-11.6.2022-2.-lahto.jpg\" target=\"_blank\" rel=\"noopener\">Tulokset 2.l\u00e4ht\u00f6<\/a><\/li>\n<\/ul>\n<\/li>\n<li><strong><a href=\"https:\/\/www.spky.fi\/wopr\/wp-content\/uploads\/2022\/06\/Lahtolista-su-12.6.2022-Somero.pdf\" target=\"_blank\" rel=\"noopener\">Su 12.6. Somero, Elisa ja Kari Kotikoski, 3-luokka.<\/a><\/strong>\n<ul>\n<li><a href=\"https:\/\/www.spky.fi\/wopr\/wp-content\/uploads\/2022\/06\/Somero-12.6.2022-1.-lahto.jpg\" target=\"_blank\" rel=\"noopener\">Tulokset 1. l\u00e4ht\u00f6<\/a><\/li>\n<li><a href=\"https:\/\/www.spky.fi\/wopr\/wp-content\/uploads\/2022\/06\/Somero-12.6.2022-2.-lahto.jpg\" target=\"_blank\" rel=\"noopener\">Tulokset 2. l\u00e4ht\u00f6<\/a><\/li>\n<\/ul>\n<\/li>\n<li><a href=\"https:\/\/www.spky.fi\/wopr\/wp-content\/uploads\/2022\/06\/Lahtolista-29.-30.6.-Loviisa-ke-29.6..pdf\" target=\"_blank\" rel=\"noopener\"><strong>Ke 29.6. Loviisa, Leena Jussila, 3-luokka<\/strong><\/a>\n<ul>\n<li><a href=\"https:\/\/www.spky.fi\/wopr\/wp-content\/uploads\/2022\/06\/Loviisa-26062022.jpg\" target=\"_blank\" rel=\"noopener\">Tulokset<\/a><\/li>\n<\/ul>\n<\/li>\n<li><a href=\"https:\/\/www.spky.fi\/wopr\/wp-content\/uploads\/2022\/06\/Lahtolista-29.-30.6.-Loviisa-to-30.6..pdf\" target=\"_blank\" rel=\"noopener\"><strong>To 30.6. Loviisa, Leena Jussila, 3-luokka<\/strong><\/a>\n<ul>\n<li><a href=\"https:\/\/www.spky.fi\/wopr\/wp-content\/uploads\/2022\/06\/Loviisa-30062022-3luokka.jpg\" target=\"_blank\" rel=\"noopener\">Tulokset<\/a><\/li>\n<\/ul>\n<\/li>\n<li><a href=\"https:\/\/www.spky.fi\/wopr\/wp-content\/uploads\/2022\/07\/Lahtolista-to-7.7.-2022-Kiikala.pdf\" target=\"_blank\" rel=\"noopener\"><strong>To 7.7. Kiikala, P\u00e4ivi Nietosvaara, 3-luokka<\/strong><\/a>\n<ul>\n<li><a href=\"https:\/\/www.spky.fi\/wopr\/wp-content\/uploads\/2022\/07\/Kiilala-to-7.7.2022.jpg\" target=\"_blank\" rel=\"noopener\">Tulokset<\/a><\/li>\n<\/ul>\n<\/li>\n<li><a href=\"https:\/\/www.spky.fi\/wopr\/wp-content\/uploads\/2022\/07\/Lahtolista-pe-8.7.-2022-Kiikala.pdf\" target=\"_blank\" rel=\"noopener\"><strong>Pe 8.7. Kiikala, P\u00e4ivi Nietosvaara, 3-luokka<\/strong><\/a>\n<ul>\n<li><a href=\"https:\/\/www.spky.fi\/wopr\/wp-content\/uploads\/2022\/07\/Kiikala-pe-8.7.2022.jpg\" target=\"_blank\" rel=\"noopener\">Tulokset<\/a><\/li>\n<\/ul>\n<\/li>\n<li><a href=\"https:\/\/www.spky.fi\/wopr\/wp-content\/uploads\/2022\/07\/Lahtolista-la-9.7.-2022-Salo-kaikki-luokat.pdf\" target=\"_blank\" rel=\"noopener\"><strong>La 9.7. Katja Suominen, Salo, kaikki luokat<\/strong><\/a>\n<ul>\n<li><a href=\"https:\/\/www.spky.fi\/wopr\/wp-content\/uploads\/2022\/07\/Salo-9.7.1.luokka.jpg\" target=\"_blank\" rel=\"noopener\">Tulokset 1-luokka<\/a><\/li>\n<li><a href=\"https:\/\/www.spky.fi\/wopr\/wp-content\/uploads\/2022\/07\/Salo-9.7.2022-2-3-luokat.jpg\" target=\"_blank\" rel=\"noopener\">Tulokset 2- ja 3-luokka<\/a><\/li>\n<\/ul>\n<\/li>\n<li><a href=\"https:\/\/www.spky.fi\/wopr\/wp-content\/uploads\/2022\/07\/Lahtolista-su-10.7.-2022-Salo-kaikki-luokat.pdf\" target=\"_blank\" rel=\"noopener\"><strong>Su 10.7. Katja Suominen, Salo, kaikki luokat<\/strong><\/a>\n<ul>\n<li><a href=\"https:\/\/www.spky.fi\/wopr\/wp-content\/uploads\/2022\/07\/Salo-9.7.1.luokka.jpg\" target=\"_blank\" rel=\"noopener\">Tulokset 1-luokka<\/a><\/li>\n<li><a href=\"https:\/\/www.spky.fi\/wopr\/wp-content\/uploads\/2022\/07\/Salo-10.7.2022.jpg\" target=\"_blank\" rel=\"noopener\">Tulokset 2- ja 3-luokka<\/a><\/li>\n<\/ul>\n<\/li>\n<li><a href=\"https:\/\/www.spky.fi\/wopr\/wp-content\/uploads\/2022\/07\/Lahtolista-la-9.7.-Nautakisa-Nilsia.pdf\" target=\"_blank\" rel=\"noopener\"><strong>La 9.7. Nautakisat Nilsi\u00e4, MTY Huusko, 2-luokka<\/strong><\/a>\n<ul>\n<li><a href=\"https:\/\/www.spky.fi\/wopr\/wp-content\/uploads\/2022\/07\/Nilsia-la-9.7.2022.jpg\" target=\"_blank\" rel=\"noopener\">Tulokset<\/a><\/li>\n<\/ul>\n<\/li>\n<li><a href=\"https:\/\/www.spky.fi\/wopr\/wp-content\/uploads\/2022\/07\/Lahtolista-1luokka-su10.7.-Nautakisat-Nilsia.pdf\" target=\"_blank\" rel=\"noopener\"><strong>Su 10.7. Nautakisat Nilsi\u00e4, MTY Huusko, 1-luokka<\/strong><\/a>\n<ul>\n<li><a href=\"https:\/\/www.spky.fi\/wopr\/wp-content\/uploads\/2022\/07\/Nilsia-su-10.7.2022.jpg\" target=\"_blank\" rel=\"noopener\">Tulokset<\/a><\/li>\n<\/ul>\n<\/li>\n<li><a href=\"https:\/\/www.spky.fi\/wopr\/wp-content\/uploads\/2022\/07\/Lahtolista-la-16.7.2022-Simpele.pdf\" target=\"_blank\" rel=\"noopener\"><strong>La 16.7. Simpele, Hanna Repo, 3-luokka<\/strong><\/a>\n<ul>\n<li><a href=\"https:\/\/www.spky.fi\/wopr\/wp-content\/uploads\/2022\/07\/La-16.7.2022-Simpele.pdf\" target=\"_blank\" rel=\"noopener\">Tulokset<\/a><\/li>\n<\/ul>\n<\/li>\n<li><a href=\"https:\/\/www.spky.fi\/wopr\/wp-content\/uploads\/2022\/07\/Lahtolista-su-17.7.2022-Simpele.pdf\" target=\"_blank\" rel=\"noopener\"><strong>Su 17.7. Simpele, Hanna Repo, 3-luokka<\/strong><\/a>\n<ul>\n<li><a href=\"https:\/\/www.spky.fi\/wopr\/wp-content\/uploads\/2022\/07\/Su-17.7.2022-Simpele.pdf\" target=\"_blank\" rel=\"noopener\">Tulokset<\/a><\/li>\n<\/ul>\n<\/li>\n<li><a href=\"https:\/\/european-international.nl\/wp-content\/uploads\/2022\/05\/Deelnemers-30mei2022.pdf\" target=\"_blank\" rel=\"noopener\"><strong>Ke\u2013su 20.\u201324.7. European International, Opmeer, Alankomaat<\/strong><\/a>\n<ul>\n<li><a href=\"https:\/\/trialsrv.com\/common\/results\/results.php?35\" target=\"_blank\" rel=\"noopener\">Tulokset<\/a><\/li>\n<\/ul>\n<\/li>\n<li><a href=\"https:\/\/www.spky.fi\/wopr\/wp-content\/uploads\/2022\/07\/Kitee-la-23.7.2022-1-2-luokat.pdf\" target=\"_blank\" rel=\"noopener\"><strong>La 23.7. Kitee, Minna Eronen, luokat 2 ja 3<\/strong><\/a>\n<ul>\n<li><a href=\"https:\/\/www.spky.fi\/wopr\/wp-content\/uploads\/2022\/07\/Kitee-23.7.2022-2luokka.jpg\" target=\"_blank\" rel=\"noopener\">Tulokset 2-luokka<\/a><\/li>\n<li><a href=\"https:\/\/www.spky.fi\/wopr\/wp-content\/uploads\/2022\/07\/Kitee-23.7.2022-3luokka.jpg\" target=\"_blank\" rel=\"noopener\">Tulokset 3-luokka<\/a><\/li>\n<\/ul>\n<\/li>\n<li><a href=\"https:\/\/www.spky.fi\/wopr\/wp-content\/uploads\/2022\/07\/Kitee-su-24.7.2022-1-2-luokat.pdf\" target=\"_blank\" rel=\"noopener\"><strong>Su 24.7. Kitee, Minna Eronen, luokat 2 ja 3<\/strong><\/a>\n<ul>\n<li><a href=\"https:\/\/www.spky.fi\/wopr\/wp-content\/uploads\/2022\/07\/Su-24.7.-Kitee-2luokka-scaled.jpg\" target=\"_blank\" rel=\"noopener\">Tulokset 2-luokka<\/a><\/li>\n<li><a href=\"https:\/\/www.spky.fi\/wopr\/wp-content\/uploads\/2022\/07\/Su-24.7.-Kitee-3luokka-scaled.jpg\" target=\"_blank\" rel=\"noopener\">Tulokset 3-luokka<\/a><\/li>\n<\/ul>\n<\/li>\n<li><a href=\"https:\/\/www.spky.fi\/wopr\/wp-content\/uploads\/2022\/07\/30.7.-Simpele-1-ja-2-luokka.pdf\" target=\"_blank\" rel=\"noopener\"><strong>La 30.7. Simpele, Hanna Repo, luokat 1 ja 2<\/strong><\/a>\n<ul>\n<li><a href=\"https:\/\/www.spky.fi\/wopr\/wp-content\/uploads\/2022\/08\/Simpele-30.7.1-2-luokka.jpg\" target=\"_blank\" rel=\"noopener\">Tulokset<\/a><\/li>\n<\/ul>\n<\/li>\n<li><a href=\"https:\/\/www.spky.fi\/wopr\/wp-content\/uploads\/2022\/07\/31.7.-Simpele-1-ja-2-luokka.pdf\" target=\"_blank\" rel=\"noopener\"><strong>Su 31.7. Simpele, Hanna Repo, luokat 1 ja 2<\/strong><\/a>\n<ul>\n<li><a href=\"https:\/\/www.spky.fi\/wopr\/wp-content\/uploads\/2022\/08\/Simpele-31.7.-1-2-luokka.jpg\" target=\"_blank\" rel=\"noopener\">Tulokset<\/a><\/li>\n<\/ul>\n<\/li>\n<li><a href=\"https:\/\/vallreg.svak.se\/t_calendar.php?MENUSELECT=3&amp;VR_SELECT=8&amp;VR_YEAR=2022&amp;CLUB=&amp;VR_START=8471&amp;SETSORT=0#8471\" target=\"_blank\" rel=\"noopener\"><strong>5.\u20137.8.\u00a0<\/strong><strong>PM-kisat H\u00e4ssleholm, Ruotsi<\/strong><\/a>\n<ul>\n<li><a href=\"https:\/\/onedrive.live.com\/view.aspx?resid=18291B71D5885473!790&amp;ithint=file%2Cxlsx&amp;authkey=!AJwVYyIOhJZoRu0&amp;fbclid=IwAR3R4FePwwP9waGToSci1w4t3Yl6cxfwuKPwEgBUhI3vX_8ZywhPj7L8CDg\" target=\"_blank\" rel=\"noopener\">Tulokset<\/a><\/li>\n<\/ul>\n<\/li>\n<li><a href=\"https:\/\/www.spky.fi\/wopr\/wp-content\/uploads\/2022\/08\/Lahtolista-11.8.-2022-Nautakisat-Kemio.pdf\" target=\"_blank\" rel=\"noopener\"><strong>To 11.8. Nautakisat Kemi\u00f6, Kaisa Hilska ja Leila Waren, 1- ja 2-luokat<\/strong><\/a>\n<ul>\n<li><a href=\"https:\/\/www.spky.fi\/wopr\/wp-content\/uploads\/2022\/08\/Kemio-11.8.-nautakisa.jpg\" target=\"_blank\" rel=\"noopener\">Tulokset<\/a><\/li>\n<\/ul>\n<\/li>\n<li><a href=\"https:\/\/www.spky.fi\/wopr\/wp-content\/uploads\/2022\/08\/Lahtolista-13.8.2022-Somero.pdf\" target=\"_blank\" rel=\"noopener\"><strong>La 13.8. Somero, Elisa ja Kari Kotikoski, 3-luokka<\/strong><\/a>\n<ul>\n<li><a href=\"https:\/\/www.spky.fi\/wopr\/wp-content\/uploads\/2022\/08\/Somero-la-13.8.-1.-lahto.jpg\" target=\"_blank\" rel=\"noopener\">Tulokset 1. l\u00e4ht\u00f6<\/a> ja <a href=\"https:\/\/www.spky.fi\/wopr\/wp-content\/uploads\/2022\/08\/Somero-13.8.2022.jpg\" target=\"_blank\" rel=\"noopener\">2. l\u00e4ht\u00f6<\/a><\/li>\n<\/ul>\n<\/li>\n<li><a href=\"https:\/\/www.spky.fi\/wopr\/wp-content\/uploads\/2022\/08\/Lahtolista-14.8.2022-Somero.pdf\" target=\"_blank\" rel=\"noopener\"><strong>Su 14.8. Somero, Elisa ja Kari Kotikoski, 3-luokka<\/strong><\/a>\n<ul>\n<li><a href=\"https:\/\/www.spky.fi\/wopr\/wp-content\/uploads\/2022\/08\/Somero-14.8.-1.lahto_.jpg\" target=\"_blank\" rel=\"noopener\">Tulokset 1. l\u00e4ht\u00f6<\/a> ja <a href=\"https:\/\/www.spky.fi\/wopr\/wp-content\/uploads\/2022\/08\/Somero14.8.-2.lahto_.jpg\" target=\"_blank\" rel=\"noopener\">2. l\u00e4ht\u00f6<\/a><\/li>\n<\/ul>\n<\/li>\n<li><strong><a href=\"https:\/\/www.spky.fi\/wopr\/wp-content\/uploads\/2022\/08\/Loviisa-la-20082022.pdf\" target=\"_blank\" rel=\"noopener\">La 20.8. Loviisa, Leena Jussila, 1- ja 2-luokat.<\/a><\/strong>\n<ul>\n<li><a href=\"https:\/\/www.spky.fi\/wopr\/wp-content\/uploads\/2022\/08\/Loviisa-20.8.2022-1luokka.jpg\" target=\"_blank\" rel=\"noopener\">Tulokset 1. luokka<\/a> ja <a href=\"https:\/\/www.spky.fi\/wopr\/wp-content\/uploads\/2022\/08\/Loviisa20.8.2022-2luokka.jpg\" target=\"_blank\" rel=\"noopener\">2. luokka<\/a><\/li>\n<\/ul>\n<\/li>\n<li><strong><a href=\"https:\/\/www.spky.fi\/wopr\/wp-content\/uploads\/2022\/08\/Loviisa-su-21082022.pdf\" target=\"_blank\" rel=\"noopener\"> \u00a0<span style=\"font-size: revert;\">Su 21.8. Loviisa, Leena Jussila, 1- ja 2-luokat.<\/span><\/a><\/strong>\n<ul>\n<li><a href=\"https:\/\/www.spky.fi\/wopr\/wp-content\/uploads\/2022\/08\/Loviisa-21.8.2022-1.luokka.jpg\" target=\"_blank\" rel=\"noopener\">Tulokset 1. luokka<\/a> ja <a href=\"https:\/\/www.spky.fi\/wopr\/wp-content\/uploads\/2022\/08\/Loviisa-21.8.2022-2luokka.jpg\" target=\"_blank\" rel=\"noopener\">2. luokka<\/a><\/li>\n<\/ul>\n<\/li>\n<li><a href=\"https:\/\/www.spky.fi\/wopr\/wp-content\/uploads\/2022\/08\/Lahtolista-1-ja-2-luokan-mestaruuskisat-3.-4.9.2022-Karjaa.pdf\" target=\"_blank\" rel=\"noopener\"><strong>La 3.9.2022 1- ja 2-luokan mestaruuskisat, Martina Bergstr\u00f6m,<\/strong>\u00a0<strong>Leura G\u00e5rd, Karjaa.<\/strong><\/a>\u00a0\n<ul>\n<li><a href=\"https:\/\/www.spky.fi\/wopr\/wp-content\/uploads\/2022\/09\/Karjaa-la-3.9.-1luokka.jpg\" target=\"_blank\" rel=\"noopener\">Tulokset 1. luokka<\/a> ja <a href=\"https:\/\/www.spky.fi\/wopr\/wp-content\/uploads\/2022\/09\/Karjaa-la-3.9.-2luokka.jpg\" target=\"_blank\" rel=\"noopener\">2. luokka<\/a><\/li>\n<\/ul>\n<\/li>\n<li><a href=\"https:\/\/www.spky.fi\/wopr\/wp-content\/uploads\/2022\/08\/Lahtolista-1-ja-2-luokan-mestaruuskisat-4.9.2022-Karjaa.pdf\" target=\"_blank\" rel=\"noopener\"><strong>Su 4.9.2022 1- ja 2-luokan mestaruuskisat, Martina Bergstr\u00f6m,<\/strong>\u00a0<strong>Leura G\u00e5rd, Karjaa.<\/strong><\/a>\u00a0\n<ul>\n<li><a href=\"https:\/\/www.spky.fi\/wopr\/wp-content\/uploads\/2022\/09\/Karjaa-4.9.2022-1luokka.jpg\" target=\"_blank\" rel=\"noopener\">Tulokset 1. luokka<\/a> ja <a href=\"https:\/\/www.spky.fi\/wopr\/wp-content\/uploads\/2022\/09\/Karjaa-4.9.2022-2luokka.jpg\" target=\"_blank\" rel=\"noopener\">2. luokka<\/a><\/li>\n<\/ul>\n<\/li>\n<li><a href=\"https:\/\/www.spky.fi\/wopr\/wp-content\/uploads\/2022\/09\/Lahtolista-la-17.9.2022-Halikko-Karsintakisat.pdf\" target=\"_blank\" rel=\"noopener\"><strong>La 17.9. Halikko, Peppi Laine,<\/strong> 3-luokka, maajoukkueen karsintakilpailut.<\/a>\n<ul>\n<li><a href=\"https:\/\/www.spky.fi\/wopr\/wp-content\/uploads\/2022\/09\/Halikko-la-17092022alusta.jpg\" target=\"_blank\" rel=\"noopener\">Tulokset aamup\u00e4iv\u00e4<\/a> ja <a href=\"https:\/\/www.spky.fi\/wopr\/wp-content\/uploads\/2022\/09\/Halikko-la-17092022.jpg\" target=\"_blank\" rel=\"noopener\">iltap\u00e4iv\u00e4<\/a><\/li>\n<\/ul>\n<\/li>\n<li><a href=\"https:\/\/www.spky.fi\/wopr\/wp-content\/uploads\/2022\/09\/Lahtolista-su-18.9.2022-Halikko-Karsintakisat.pdf\" target=\"_blank\" rel=\"noopener\"><strong>Su 18.9. Halikko, Peppi Laine,<\/strong> 3-luokka, maajoukkueen karsintakilpailut.<\/a>\n<ul>\n<li><a href=\"https:\/\/www.spky.fi\/wopr\/wp-content\/uploads\/2022\/09\/Halikko-18092022-ap.jpg\" target=\"_blank\" rel=\"noopener\">Tulokset aamup\u00e4iv\u00e4<\/a> ja <a href=\"https:\/\/www.spky.fi\/wopr\/wp-content\/uploads\/2022\/09\/Halikko-18092022-ip.jpg\" target=\"_blank\" rel=\"noopener\">iltap\u00e4iv\u00e4<\/a><\/li>\n<\/ul>\n<\/li>\n<li><a href=\"https:\/\/www.spky.fi\/wopr\/wp-content\/uploads\/2022\/09\/Lahtolista-SM-kisat-30.-2.10.2022-pe-30.9..pdf\" target=\"_blank\" rel=\"noopener\"><strong>Pe 30.9. SM-kisat, Rantasalmi, Susanna Nuutinen ja Mika Westerstr\u00e5hle<\/strong><\/a>\n<ul>\n<li><a href=\"https:\/\/www.spky.fi\/wopr\/wp-content\/uploads\/2022\/09\/Tulokset-SM-kisat-pe-30.9.2022.pdf\" target=\"_blank\" rel=\"noopener\">Tulokset<\/a><\/li>\n<\/ul>\n<\/li>\n<li><a href=\"https:\/\/www.spky.fi\/wopr\/wp-content\/uploads\/2022\/09\/Lahtolista-SM-kisat-30.-2.10.2022-la-1.10.-.pdf\" target=\"_blank\" rel=\"noopener\"><strong>La 1.10. SM-kisat, Rantasalmi, Susanna Nuutinen ja Mika Westerstr\u00e5hle<\/strong><\/a>\n<ul>\n<li><a href=\"https:\/\/www.spky.fi\/wopr\/wp-content\/uploads\/2022\/10\/Tulokset-SM-kisat-la-1.10.2022.pdf\" target=\"_blank\" rel=\"noopener\">Tulokset<\/a><\/li>\n<\/ul>\n<\/li>\n<li><a href=\"https:\/\/www.spky.fi\/wopr\/wp-content\/uploads\/2022\/10\/Lahtolista-SM-kisat-30.-2.10.2022.pdf\" target=\"_blank\" rel=\"noopener\"><strong>Su 2.10. SM-kisat, Rantasalmi, Finaali<\/strong><\/a>\n<ul>\n<li><a href=\"https:\/\/www.spky.fi\/wopr\/wp-content\/uploads\/2022\/10\/Finaali-SM.jpg\" target=\"_blank\" rel=\"noopener\">Tulokset\u00a0<\/a>\u00a0<\/li>\n<\/ul>\n<\/li>\n<li style=\"text-align: left;\"><a href=\"https:\/\/www.spky.fi\/wopr\/wp-content\/uploads\/2022\/09\/Lahtolista-Somero-8.-9.10.2022-la.pdf\" target=\"_blank\" rel=\"noopener\"><strong>La 8.10. Somero, Elisa ja Kari Kotikoski, maajoukkuekarsinta<\/strong><\/a>\n<ul>\n<li><a href=\"https:\/\/www.spky.fi\/wopr\/wp-content\/uploads\/2022\/10\/Somero-8.10.-aamupv.jpg\" target=\"_blank\" rel=\"noopener\">Tulokset aamup\u00e4iv\u00e4<\/a> ja <a href=\"https:\/\/www.spky.fi\/wopr\/wp-content\/uploads\/2022\/10\/Somero-8.10.2022-iltapaiva.jpg\" target=\"_blank\" rel=\"noopener\">iltap\u00e4iv\u00e4<\/a><\/li>\n<\/ul>\n<\/li>\n<li><a href=\"https:\/\/www.spky.fi\/wopr\/wp-content\/uploads\/2022\/09\/Lahtolista-Somero-8.-9.10.2022-su.pdf\" target=\"_blank\" rel=\"noopener\"><strong>Su 9.10. Somero, Elisa ja Kari Kotikoski, maajoukkuekarsinta<\/strong><\/a>\n<ul>\n<li><a href=\"https:\/\/www.spky.fi\/wopr\/wp-content\/uploads\/2022\/10\/Somero-9.10.2022-aamupaiva.jpg\" target=\"_blank\" rel=\"noopener\">Tulokset aamup\u00e4iv\u00e4<\/a> ja <a href=\"https:\/\/www.spky.fi\/wopr\/wp-content\/uploads\/2022\/10\/Somero-9.10.2022-iltapaiva.jpg\" target=\"_blank\" rel=\"noopener\">iltap\u00e4iv\u00e4<\/a><\/li>\n<\/ul>\n<\/li>\n<li><a href=\"https:\/\/www.spky.fi\/wopr\/wp-content\/uploads\/2022\/10\/Lahtolista-14.-15.10.2022-Mikkeli.pdf\" target=\"_blank\" rel=\"noopener\"><strong>Pe-la 14.-15.10.2022 Nautamestaruus, Mikkeli, Ann-Mari Lintunen ja Matti Tuhkalainen<\/strong><\/a>\n<ul>\n<li><a href=\"https:\/\/www.spky.fi\/wopr\/wp-content\/uploads\/2022\/10\/Mikkeli-1-16.jpg\" target=\"_blank\" rel=\"noopener\">Tulokset nrot 1-16<\/a> ja <a href=\"https:\/\/www.spky.fi\/wopr\/wp-content\/uploads\/2022\/10\/Mikkeli-17-24.jpg\" target=\"_blank\" rel=\"noopener\">\u00a0nrot 17-24.<\/a><\/li>\n<\/ul>\n<\/li>\n<li><a href=\"https:\/\/www.spky.fi\/wopr\/wp-content\/uploads\/2022\/10\/Lahtolista-14.-15.10.2022-Juva.pdf\" target=\"_blank\" rel=\"noopener\"><strong>Pe-la 14.-15.10.2022 Nautamestaruus, Juva, Heli Ahonen ja Heikki Teittinen.<\/strong><\/a>\n<ul>\n<li><a href=\"https:\/\/www.spky.fi\/wopr\/wp-content\/uploads\/2022\/10\/Juva-1-17.jpg\" target=\"_blank\" rel=\"noopener\">Tulokset nrot 1-17<\/a> ja \u00a0<a href=\"https:\/\/www.spky.fi\/wopr\/wp-content\/uploads\/2022\/10\/Juva-18-24.jpg\" target=\"_blank\" rel=\"noopener\">nrot 18-24.<\/a><\/li>\n<\/ul>\n<\/li>\n<li><a href=\"https:\/\/www.spky.fi\/wopr\/wp-content\/uploads\/2022\/10\/Lahtolista-la-15.10.2022-Pernio.pdf\" target=\"_blank\" rel=\"noopener\"><strong>La 15.10. Perni\u00f6, Irmeli Nurminen, 1- ja 2-luokat<\/strong><\/a><br \/>\n<ul>\n<li><a href=\"https:\/\/www.spky.fi\/wopr\/wp-content\/uploads\/2022\/10\/Pernio-15.10.2022-1luokka.jpg\" target=\"_blank\" rel=\"noopener\">Tulokset 1-luokka<\/a> ja <a href=\"https:\/\/www.spky.fi\/wopr\/wp-content\/uploads\/2022\/10\/Pernio-15.10.2022-2luokka.jpg\" target=\"_blank\" rel=\"noopener\">2-luokka<\/a><\/li>\n<\/ul>\n<\/li>\n<li><a href=\"https:\/\/www.spky.fi\/wopr\/wp-content\/uploads\/2022\/10\/Lahtolista-16.10.2022-Pernio.pdf\" target=\"_blank\" rel=\"noopener\"><strong>Su 16.10. Perni\u00f6, Irmeli Nurminen, 3-luokka<\/strong><\/a>\n<ul>\n<li><a href=\"https:\/\/www.spky.fi\/wopr\/wp-content\/uploads\/2022\/10\/Pernio-16.10.2022.jpg\" target=\"_blank\" rel=\"noopener\">Tulokset 3-luokka<\/a><\/li>\n<\/ul>\n<\/li>\n<li><a href=\"https:\/\/www.spky.fi\/wopr\/wp-content\/uploads\/2022\/10\/Lahtolistat-Tammisaari-la-29.10.2022.pdf\" target=\"_blank\" rel=\"noopener\"><strong>La 29.10. Suomi Nursery, Tammisaari, Annika Paarvio. 3-luokka vuonna 2019 ja sen j\u00e4lkeen syntyneille koirille. Nurseryn lis\u00e4ksi tavalliset 1- &amp; 2- luokat.<\/strong><\/a>\n<ul>\n<li><a href=\"https:\/\/www.spky.fi\/wopr\/wp-content\/uploads\/2022\/10\/Tammisaari-29.10.-2luokka-ja-Nursery-3luokka.jpg\" target=\"_blank\" rel=\"noopener\">Tulokset Nursery, 3-luokka sek\u00e4 \u00a02-luokka<\/a><\/li>\n<li><a href=\"https:\/\/www.spky.fi\/wopr\/wp-content\/uploads\/2022\/10\/Tammisaari-la-29.10.-1luokka.jpg\" target=\"_blank\" rel=\"noopener\">Tulokset 1-luokka<\/a><\/li>\n<\/ul>\n<\/li>\n<li><a style=\"font-size: revert;\" href=\"https:\/\/www.spky.fi\/wopr\/wp-content\/uploads\/2022\/10\/Lahtolistat-Tammisaari-su-30.10.2022.pdf\" target=\"_blank\" rel=\"noopener\"><strong>Su 30.10. Suomi Nursery, Tammisaari, Annika Paarvio. 3-luokka vuonna 2019 ja sen j\u00e4lkeen syntyneille koirille. Nurseryn lis\u00e4ksi tavallinen 3-luokka.<\/strong><\/a>\n<ul>\n<li><a href=\"https:\/\/www.spky.fi\/wopr\/wp-content\/uploads\/2022\/10\/Tammisaari-30.10.-Nursery.jpg\" target=\"_blank\" rel=\"noopener\">Tulokset Nursery, 3-luokka<\/a><\/li>\n<li><a href=\"https:\/\/www.spky.fi\/wopr\/wp-content\/uploads\/2022\/10\/Tammisaari-30.10.-3luokka.jpg\" target=\"_blank\" rel=\"noopener\">Tulokset 3-luokka<\/a><\/li>\n<\/ul>\n<\/li>\n<li><a href=\"https:\/\/www.spky.fi\/wopr\/wp-content\/uploads\/2022\/11\/Lahtolista-la-5.11.2022-Nauta1-luokka-Juva-ja-Mikkeli.pdf\" target=\"_blank\" rel=\"noopener\"><strong>La 5.11.2022 Nautakisat 1-luokka, Mikkeli, Ann-Mari Lintunen ja Matti Tuhkalainen sek\u00e4 Juva, Heli Ahonen ja Heikki Teittinen.<\/strong><\/a>\n<ul>\n<li><a href=\"https:\/\/www.spky.fi\/wopr\/wp-content\/uploads\/2022\/11\/Nauta1-Juva-05112022.jpg\" target=\"_blank\" rel=\"noopener\">Tulokset Juva<\/a> ja <a href=\"https:\/\/www.spky.fi\/wopr\/wp-content\/uploads\/2022\/11\/Nauta1-Mikkeli-05112022.jpg\" target=\"_blank\" rel=\"noopener\">tulokset Mikkeli<\/a><\/li>\n<\/ul>\n<\/li>\n<li><a href=\"https:\/\/www.spky.fi\/wopr\/wp-content\/uploads\/2022\/11\/Lahtolista-su-6.11.2022-Nauta1-luokka-Juva-ja-Mikkeli.pdf\" target=\"_blank\" rel=\"noopener\"><strong>Su 6.11.2022 Nautakisat 1-luokka, Mikkeli, Ann-Mari Lintunen ja Matti Tuhkalainen sek\u00e4 Juva, Heli Ahonen ja Heikki Teittinen.<\/strong><\/a>\n<ul>\n<li><a href=\"https:\/\/www.spky.fi\/wopr\/wp-content\/uploads\/2022\/11\/Nauta-1-06112022-Juva.jpg\" target=\"_blank\" rel=\"noopener\">Tulokset Juva<\/a> ja <a href=\"https:\/\/www.spky.fi\/wopr\/wp-content\/uploads\/2022\/11\/Nauta1-06112022-Mikkeli.jpg\" target=\"_blank\" rel=\"noopener\">tulokset Mikkeli<\/a><\/li>\n<\/ul>\n<\/li>\n<\/ul>\n<\/li>\n<\/ul>\n<\/li>\n<\/ul>\n<p>Tulokset julkaistaan kilpailun j\u00e4lkeen kuvana <strong><a href=\"https:\/\/www.facebook.com\/SuomenPaimenkoirayhdistys\" target=\"_blank\" rel=\"noopener\">SPKY:n Facebook-sivulla<\/a><\/strong>\u00a0<br \/>tai <strong><a href=\"https:\/\/www.facebook.com\/groups\/250780659345021\" target=\"_blank\" rel=\"noopener\">SPKY:n Facebook-ryhm\u00e4ss\u00e4 <\/a><\/strong><span style=\"font-size: revert;\">sek\u00e4 my\u00f6hemmin linkkin\u00e4 l\u00e4ht\u00f6listan ohessa.<\/span><\/p>\n<p>\u00a0<\/p>\n","protected":false},"excerpt":{"rendered":"<p>Su 8.5. Halikko, Peppi Laine, 3-luokka. \u00a0 Tulokset su 8.5.2022 Ma 9.5. Halikko, Peppi Laine, 3-luokka. \u00a0 Tulokset ma 9.5.2022 La 14.5. Halikko, Peppi Laine, 2-luokka.\u00a0 Tulokset la 14.5.2022\u00a0 Tulokset 2. l\u00e4ht\u00f6 la 14.5.2022 \u00a0Pe 20.5. Rantasalmi, Putkisalo, Anja Lehti\u00f6, 2-luokka.\u00a0 Tulokset pe 20.5.2022 \u00a0La 21.5. Rantasalmi, Putkisalo, Anja Lehti\u00f6, 3-luokka. Tulokset 1. l\u00e4ht\u00f6 1. &hellip; <a href=\"https:\/\/www.spky.fi\/wopr\/lahtolistat-ja-tulokset-2022\/\" class=\"more-link\">Jatka lukemista <span class=\"screen-reader-text\">L\u00e4ht\u00f6listat ja tulokset 2022<\/span> <span class=\"meta-nav\">&rarr;<\/span><\/a><\/p>\n","protected":false},"author":2,"featured_media":0,"parent":0,"menu_order":0,"comment_status":"closed","ping_status":"closed","template":"","meta":{"jetpack_post_was_ever_published":false,"footnotes":""},"class_list":["post-3332","page","type-page","status-publish","hentry"],"yoast_head":"<!-- This site is optimized with the Yoast SEO plugin v27.5 - https:\/\/yoast.com\/product\/yoast-seo-wordpress\/ -->\n<title>L\u00e4ht\u00f6listat ja tulokset 2022 - Suomen Paimenkoirayhdistys ry<\/title>\n<meta name=\"robots\" content=\"index, follow, max-snippet:-1, max-image-preview:large, max-video-preview:-1\" \/>\n<link rel=\"canonical\" href=\"https:\/\/www.spky.fi\/wopr\/lahtolistat-ja-tulokset-2022\/\" \/>\n<meta property=\"og:locale\" content=\"fi_FI\" \/>\n<meta property=\"og:type\" content=\"article\" \/>\n<meta property=\"og:title\" content=\"L\u00e4ht\u00f6listat ja tulokset 2022 - Suomen Paimenkoirayhdistys ry\" \/>\n<meta property=\"og:description\" content=\"Su 8.5. Halikko, Peppi Laine, 3-luokka. \u00a0 Tulokset su 8.5.2022 Ma 9.5. Halikko, Peppi Laine, 3-luokka. \u00a0 Tulokset ma 9.5.2022 La 14.5. Halikko, Peppi Laine, 2-luokka.\u00a0 Tulokset la 14.5.2022\u00a0 Tulokset 2. l\u00e4ht\u00f6 la 14.5.2022 \u00a0Pe 20.5. Rantasalmi, Putkisalo, Anja Lehti\u00f6, 2-luokka.\u00a0 Tulokset pe 20.5.2022 \u00a0La 21.5. Rantasalmi, Putkisalo, Anja Lehti\u00f6, 3-luokka. Tulokset 1. l\u00e4ht\u00f6 1. &hellip; Jatka lukemista L\u00e4ht\u00f6listat ja tulokset 2022 &rarr;\" \/>\n<meta property=\"og:url\" content=\"https:\/\/www.spky.fi\/wopr\/lahtolistat-ja-tulokset-2022\/\" \/>\n<meta property=\"og:site_name\" content=\"Suomen Paimenkoirayhdistys ry\" \/>\n<meta property=\"article:publisher\" content=\"https:\/\/www.facebook.com\/SuomenPaimenkoirayhdistys\" \/>\n<meta property=\"article:modified_time\" content=\"2022-11-06T15:49:34+00:00\" \/>\n<meta name=\"twitter:card\" content=\"summary_large_image\" \/>\n<meta name=\"twitter:label1\" content=\"Arvioitu lukuaika\" \/>\n\t<meta name=\"twitter:data1\" content=\"3 minuuttia\" \/>\n<script type=\"application\/ld+json\" class=\"yoast-schema-graph\">{\"@context\":\"https:\\\/\\\/schema.org\",\"@graph\":[{\"@type\":\"WebPage\",\"@id\":\"https:\\\/\\\/www.spky.fi\\\/wopr\\\/lahtolistat-ja-tulokset-2022\\\/\",\"url\":\"https:\\\/\\\/www.spky.fi\\\/wopr\\\/lahtolistat-ja-tulokset-2022\\\/\",\"name\":\"L\u00e4ht\u00f6listat ja tulokset 2022 - Suomen Paimenkoirayhdistys ry\",\"isPartOf\":{\"@id\":\"https:\\\/\\\/www.spky.fi\\\/wopr\\\/#website\"},\"datePublished\":\"2022-01-08T10:16:03+00:00\",\"dateModified\":\"2022-11-06T15:49:34+00:00\",\"breadcrumb\":{\"@id\":\"https:\\\/\\\/www.spky.fi\\\/wopr\\\/lahtolistat-ja-tulokset-2022\\\/#breadcrumb\"},\"inLanguage\":\"fi\",\"potentialAction\":[{\"@type\":\"ReadAction\",\"target\":[\"https:\\\/\\\/www.spky.fi\\\/wopr\\\/lahtolistat-ja-tulokset-2022\\\/\"]}]},{\"@type\":\"BreadcrumbList\",\"@id\":\"https:\\\/\\\/www.spky.fi\\\/wopr\\\/lahtolistat-ja-tulokset-2022\\\/#breadcrumb\",\"itemListElement\":[{\"@type\":\"ListItem\",\"position\":1,\"name\":\"Etusivu\",\"item\":\"https:\\\/\\\/www.spky.fi\\\/wopr\\\/\"},{\"@type\":\"ListItem\",\"position\":2,\"name\":\"L\u00e4ht\u00f6listat ja tulokset 2022\"}]},{\"@type\":\"WebSite\",\"@id\":\"https:\\\/\\\/www.spky.fi\\\/wopr\\\/#website\",\"url\":\"https:\\\/\\\/www.spky.fi\\\/wopr\\\/\",\"name\":\"Suomen Paimenkoirayhdistys ry\",\"description\":\"Suomen Paimenkoirayhdistys edist&auml;&auml; paimenkoirien ty&ouml;k&auml;ytt&ouml;&auml;. Yhdistys auttaa paimenkoirakurssien, harjoitusten, kilpailujen ja n&auml;yt&ouml;sten j&auml;rjest&auml;misess&auml;.\",\"publisher\":{\"@id\":\"https:\\\/\\\/www.spky.fi\\\/wopr\\\/#organization\"},\"potentialAction\":[{\"@type\":\"SearchAction\",\"target\":{\"@type\":\"EntryPoint\",\"urlTemplate\":\"https:\\\/\\\/www.spky.fi\\\/wopr\\\/?s={search_term_string}\"},\"query-input\":{\"@type\":\"PropertyValueSpecification\",\"valueRequired\":true,\"valueName\":\"search_term_string\"}}],\"inLanguage\":\"fi\"},{\"@type\":\"Organization\",\"@id\":\"https:\\\/\\\/www.spky.fi\\\/wopr\\\/#organization\",\"name\":\"Suomen Paimenkoirayhdistys ry\",\"url\":\"https:\\\/\\\/www.spky.fi\\\/wopr\\\/\",\"logo\":{\"@type\":\"ImageObject\",\"inLanguage\":\"fi\",\"@id\":\"https:\\\/\\\/www.spky.fi\\\/wopr\\\/#\\\/schema\\\/logo\\\/image\\\/\",\"url\":\"https:\\\/\\\/www.spky.fi\\\/wopr\\\/wp-content\\\/uploads\\\/2024\\\/06\\\/SPKY_MUVA_PNG.png\",\"contentUrl\":\"https:\\\/\\\/www.spky.fi\\\/wopr\\\/wp-content\\\/uploads\\\/2024\\\/06\\\/SPKY_MUVA_PNG.png\",\"width\":3201,\"height\":3126,\"caption\":\"Suomen Paimenkoirayhdistys ry\"},\"image\":{\"@id\":\"https:\\\/\\\/www.spky.fi\\\/wopr\\\/#\\\/schema\\\/logo\\\/image\\\/\"},\"sameAs\":[\"https:\\\/\\\/www.facebook.com\\\/SuomenPaimenkoirayhdistys\"]}]}<\/script>\n<!-- \/ Yoast SEO plugin. -->","yoast_head_json":{"title":"L\u00e4ht\u00f6listat ja tulokset 2022 - Suomen Paimenkoirayhdistys ry","robots":{"index":"index","follow":"follow","max-snippet":"max-snippet:-1","max-image-preview":"max-image-preview:large","max-video-preview":"max-video-preview:-1"},"canonical":"https:\/\/www.spky.fi\/wopr\/lahtolistat-ja-tulokset-2022\/","og_locale":"fi_FI","og_type":"article","og_title":"L\u00e4ht\u00f6listat ja tulokset 2022 - Suomen Paimenkoirayhdistys ry","og_description":"Su 8.5. Halikko, Peppi Laine, 3-luokka. \u00a0 Tulokset su 8.5.2022 Ma 9.5. Halikko, Peppi Laine, 3-luokka. \u00a0 Tulokset ma 9.5.2022 La 14.5. Halikko, Peppi Laine, 2-luokka.\u00a0 Tulokset la 14.5.2022\u00a0 Tulokset 2. l\u00e4ht\u00f6 la 14.5.2022 \u00a0Pe 20.5. Rantasalmi, Putkisalo, Anja Lehti\u00f6, 2-luokka.\u00a0 Tulokset pe 20.5.2022 \u00a0La 21.5. Rantasalmi, Putkisalo, Anja Lehti\u00f6, 3-luokka. Tulokset 1. l\u00e4ht\u00f6 1. &hellip; Jatka lukemista L\u00e4ht\u00f6listat ja tulokset 2022 &rarr;","og_url":"https:\/\/www.spky.fi\/wopr\/lahtolistat-ja-tulokset-2022\/","og_site_name":"Suomen Paimenkoirayhdistys ry","article_publisher":"https:\/\/www.facebook.com\/SuomenPaimenkoirayhdistys","article_modified_time":"2022-11-06T15:49:34+00:00","twitter_card":"summary_large_image","twitter_misc":{"Arvioitu lukuaika":"3 minuuttia"},"schema":{"@context":"https:\/\/schema.org","@graph":[{"@type":"WebPage","@id":"https:\/\/www.spky.fi\/wopr\/lahtolistat-ja-tulokset-2022\/","url":"https:\/\/www.spky.fi\/wopr\/lahtolistat-ja-tulokset-2022\/","name":"L\u00e4ht\u00f6listat ja tulokset 2022 - Suomen Paimenkoirayhdistys ry","isPartOf":{"@id":"https:\/\/www.spky.fi\/wopr\/#website"},"datePublished":"2022-01-08T10:16:03+00:00","dateModified":"2022-11-06T15:49:34+00:00","breadcrumb":{"@id":"https:\/\/www.spky.fi\/wopr\/lahtolistat-ja-tulokset-2022\/#breadcrumb"},"inLanguage":"fi","potentialAction":[{"@type":"ReadAction","target":["https:\/\/www.spky.fi\/wopr\/lahtolistat-ja-tulokset-2022\/"]}]},{"@type":"BreadcrumbList","@id":"https:\/\/www.spky.fi\/wopr\/lahtolistat-ja-tulokset-2022\/#breadcrumb","itemListElement":[{"@type":"ListItem","position":1,"name":"Etusivu","item":"https:\/\/www.spky.fi\/wopr\/"},{"@type":"ListItem","position":2,"name":"L\u00e4ht\u00f6listat ja tulokset 2022"}]},{"@type":"WebSite","@id":"https:\/\/www.spky.fi\/wopr\/#website","url":"https:\/\/www.spky.fi\/wopr\/","name":"Suomen Paimenkoirayhdistys ry","description":"Suomen Paimenkoirayhdistys edist&auml;&auml; paimenkoirien ty&ouml;k&auml;ytt&ouml;&auml;. Yhdistys auttaa paimenkoirakurssien, harjoitusten, kilpailujen ja n&auml;yt&ouml;sten j&auml;rjest&auml;misess&auml;.","publisher":{"@id":"https:\/\/www.spky.fi\/wopr\/#organization"},"potentialAction":[{"@type":"SearchAction","target":{"@type":"EntryPoint","urlTemplate":"https:\/\/www.spky.fi\/wopr\/?s={search_term_string}"},"query-input":{"@type":"PropertyValueSpecification","valueRequired":true,"valueName":"search_term_string"}}],"inLanguage":"fi"},{"@type":"Organization","@id":"https:\/\/www.spky.fi\/wopr\/#organization","name":"Suomen Paimenkoirayhdistys ry","url":"https:\/\/www.spky.fi\/wopr\/","logo":{"@type":"ImageObject","inLanguage":"fi","@id":"https:\/\/www.spky.fi\/wopr\/#\/schema\/logo\/image\/","url":"https:\/\/www.spky.fi\/wopr\/wp-content\/uploads\/2024\/06\/SPKY_MUVA_PNG.png","contentUrl":"https:\/\/www.spky.fi\/wopr\/wp-content\/uploads\/2024\/06\/SPKY_MUVA_PNG.png","width":3201,"height":3126,"caption":"Suomen Paimenkoirayhdistys ry"},"image":{"@id":"https:\/\/www.spky.fi\/wopr\/#\/schema\/logo\/image\/"},"sameAs":["https:\/\/www.facebook.com\/SuomenPaimenkoirayhdistys"]}]}},"jetpack_sharing_enabled":true,"jetpack_shortlink":"https:\/\/wp.me\/PaLGv4-RK","_links":{"self":[{"href":"https:\/\/www.spky.fi\/wopr\/wp-json\/wp\/v2\/pages\/3332","targetHints":{"allow":["GET"]}}],"collection":[{"href":"https:\/\/www.spky.fi\/wopr\/wp-json\/wp\/v2\/pages"}],"about":[{"href":"https:\/\/www.spky.fi\/wopr\/wp-json\/wp\/v2\/types\/page"}],"author":[{"embeddable":true,"href":"https:\/\/www.spky.fi\/wopr\/wp-json\/wp\/v2\/users\/2"}],"replies":[{"embeddable":true,"href":"https:\/\/www.spky.fi\/wopr\/wp-json\/wp\/v2\/comments?post=3332"}],"version-history":[{"count":107,"href":"https:\/\/www.spky.fi\/wopr\/wp-json\/wp\/v2\/pages\/3332\/revisions"}],"predecessor-version":[{"id":4224,"href":"https:\/\/www.spky.fi\/wopr\/wp-json\/wp\/v2\/pages\/3332\/revisions\/4224"}],"wp:attachment":[{"href":"https:\/\/www.spky.fi\/wopr\/wp-json\/wp\/v2\/media?parent=3332"}],"curies":[{"name":"wp","href":"https:\/\/api.w.org\/{rel}","templated":true}]}}