{"id":4629,"date":"2023-04-29T15:43:37","date_gmt":"2023-04-29T15:43:37","guid":{"rendered":"https:\/\/www.spky.fi\/wopr\/?page_id=4629"},"modified":"2023-10-29T15:59:19","modified_gmt":"2023-10-29T15:59:19","slug":"lahtolistat-ja-tulokset-2023","status":"publish","type":"page","link":"https:\/\/www.spky.fi\/wopr\/lahtolistat-ja-tulokset-2023\/","title":{"rendered":"L\u00e4ht\u00f6listat ja tulokset 2023"},"content":{"rendered":"\n<p>Tulokset julkaistaan kilpailun j\u00e4lkeen kuvana\u00a0<strong><a href=\"https:\/\/www.facebook.com\/SuomenPaimenkoirayhdistys\" target=\"_blank\" rel=\"noopener\">SPKY:n Facebook-sivulla<\/a><\/strong>\u00a0<br \/>tai\u00a0<strong><a href=\"https:\/\/www.facebook.com\/groups\/250780659345021\" target=\"_blank\" rel=\"noopener\">SPKY:n Facebook-ryhm\u00e4ss\u00e4\u00a0<\/a><\/strong>sek\u00e4 my\u00f6hemmin linkkin\u00e4 t\u00e4ll\u00e4 sivulla.<\/p>\n\n\n\n<ul>\n<li><a href=\"https:\/\/www.spky.fi\/wopr\/wp-content\/uploads\/2023\/05\/Lahtolista-Halikko-su-7.5.2023-Halikko-Peppi-Laine.pdf\" target=\"_blank\" rel=\"noopener\"><strong>su 7.5. Halikko, Peppi Laine, 3-luokka<\/strong><\/a>\n<ul>\n<li><a href=\"https:\/\/www.spky.fi\/wopr\/wp-content\/uploads\/2023\/05\/Halikko-07052023_1.jpg\" target=\"_blank\" rel=\"noopener\">Tulokset, sivu 1<\/a> ja\u00a0 <a href=\"https:\/\/www.spky.fi\/wopr\/wp-content\/uploads\/2023\/05\/Halikko-07052023_2.jpg\" target=\"_blank\" rel=\"noopener\">sivu2<\/a><\/li>\n<\/ul>\n<\/li>\n<li><strong><a href=\"https:\/\/www.spky.fi\/wopr\/wp-content\/uploads\/2023\/05\/Lahtolista-ma-08052023-Peppi-Laine-Halikko.pdf\" target=\"_blank\" rel=\"noopener\">ma 8.5. Halikko, Peppi Laine, 3-luokka<\/a><br \/><\/strong>\n<ul>\n<li><a href=\"https:\/\/www.spky.fi\/wopr\/wp-content\/uploads\/2023\/05\/Halikko-08052023_1.jpg\" target=\"_blank\" rel=\"noopener\">Tulokset, sivu 1<\/a> ja <a href=\"https:\/\/www.spky.fi\/wopr\/wp-content\/uploads\/2023\/05\/Halikko-08052023_2.jpg\" target=\"_blank\" rel=\"noopener\">sivu 2<\/a><\/li>\n<\/ul>\n<\/li>\n<li><strong><a href=\"https:\/\/www.spky.fi\/wopr\/wp-content\/uploads\/2023\/05\/Lahtolista-Halikko-14052023-1-ja-2-luokka.pdf\" target=\"_blank\" rel=\"noopener\">\u00a0su 14.5. Halikko, Peppi Laine, 1- ja 2-luokka<\/a><\/strong>\n<ul>\n<li><a href=\"https:\/\/www.spky.fi\/wopr\/wp-content\/uploads\/2023\/05\/Halikko14052023_1lk.jpg\" target=\"_blank\" rel=\"noopener\">Tulokset 1-luokka<\/a><\/li>\n<li><a href=\"https:\/\/www.spky.fi\/wopr\/wp-content\/uploads\/2023\/05\/Halikko14052023_2lk.jpg\" target=\"_blank\" rel=\"noopener\">Tulokset 2-luokka<\/a><\/li>\n<\/ul>\n<\/li>\n<li><a href=\"https:\/\/www.spky.fi\/wopr\/wp-content\/uploads\/2023\/05\/Lahtolista-Rantasalmi-pe-19.5.2023.pdf\" target=\"_blank\" rel=\"noopener\"><strong>pe 19.5. Rantasalmi, Susanna Nuutinen ja Mika Westerstr\u00e5hle, 1-, 2- ja 3-luokka<\/strong><\/a><br \/>\n<ul>\n<li><a href=\"https:\/\/www.spky.fi\/wopr\/wp-content\/uploads\/2023\/05\/Rantasalmi-19052023-1luokka.jpg\" target=\"_blank\" rel=\"noopener\">Tulokset 1-luokka<\/a><\/li>\n<li><a href=\"https:\/\/www.spky.fi\/wopr\/wp-content\/uploads\/2023\/05\/Rantasalmi-19052023-2luokka-rotated.jpg\" target=\"_blank\" rel=\"noopener\">Tulokset 2-luokka<\/a><\/li>\n<li><a href=\"https:\/\/www.spky.fi\/wopr\/wp-content\/uploads\/2023\/05\/Rantasalmi-19052023-3luokka.jpg\" target=\"_blank\" rel=\"noopener\">Tulokset 3-luokka<\/a><\/li>\n<\/ul>\n<\/li>\n<li><a href=\"https:\/\/www.spky.fi\/wopr\/wp-content\/uploads\/2023\/05\/Lahtolista-Rantasalmi-la-20.5.2023.pdf\" target=\"_blank\" rel=\"noopener\"><strong>la 20.5. Rantasalmi, Susanna Nuutinen ja Mika Westerstr\u00e5hle, 1-, 2- ja 3-luokka<\/strong><\/a>\n<ul>\n<li><a href=\"https:\/\/www.spky.fi\/wopr\/wp-content\/uploads\/2023\/05\/Rantasalmi-20252023-1luokka.jpg\" target=\"_blank\" rel=\"noopener\">Tulokset 1-luokka<\/a><\/li>\n<li><a href=\"https:\/\/www.spky.fi\/wopr\/wp-content\/uploads\/2023\/05\/Rantasalmi-20052023-2luokka.jpg\" target=\"_blank\" rel=\"noopener\">Tulokset 2-luokka<\/a><\/li>\n<li><a href=\"https:\/\/www.spky.fi\/wopr\/wp-content\/uploads\/2023\/05\/Rantasalmi-20052023-3luokka.jpg\" target=\"_blank\" rel=\"noopener\">Tulokset 3-luokka<\/a><\/li>\n<\/ul>\n<\/li>\n<li><a href=\"https:\/\/www.spky.fi\/wopr\/wp-content\/uploads\/2023\/05\/Lahtolista-Tammisaari-la-27052023.pdf\" target=\"_blank\" rel=\"noopener\"><strong>la 27.5. Tammisaari, Annika Paarvio, 3-luokka<\/strong><\/a><br \/>\n<ul>\n<li><a href=\"https:\/\/www.spky.fi\/wopr\/wp-content\/uploads\/2023\/05\/Tammisaari-27052023-3luokka.jpg\" target=\"_blank\" rel=\"noopener\">Tulokset<\/a><\/li>\n<\/ul>\n<\/li>\n<li><a href=\"https:\/\/www.spky.fi\/wopr\/wp-content\/uploads\/2023\/05\/Lahtolista-Tammisaari-su-28052023.pdf\" target=\"_blank\" rel=\"noopener\"><strong>su 28.5. Tammisaari, Annika Paarvio, 3-luokka<\/strong><\/a>\n<ul>\n<li><a href=\"https:\/\/www.spky.fi\/wopr\/wp-content\/uploads\/2023\/05\/Tammisaari-28052023-3luokka.jpg\" target=\"_blank\" rel=\"noopener\">Tulokset<\/a><\/li>\n<\/ul>\n<\/li>\n<li><strong><a href=\"https:\/\/www.spky.fi\/wopr\/wp-content\/uploads\/2023\/05\/Lahtolista-Tammisaari-29.5.-1-ja-2-luokka.pdf\" target=\"_blank\" rel=\"noopener\">ma 29.5. Tammisaari, Annika Paarvio, 1 ja 2-luokka<\/a><\/strong>\n<ul>\n<li><a href=\"https:\/\/www.spky.fi\/wopr\/wp-content\/uploads\/2023\/05\/Tammisaari-29052023-1luokka.jpg\" target=\"_blank\" rel=\"noopener\">Tulokset 1-luokka<\/a><\/li>\n<li><a href=\"https:\/\/www.spky.fi\/wopr\/wp-content\/uploads\/2023\/05\/Tammisaari-ma-29052023-2luokka.jpg\" target=\"_blank\" rel=\"noopener\">Tulokset 2-luokka<\/a><\/li>\n<\/ul>\n<\/li>\n<li><a style=\"font-size: revert;\" href=\"https:\/\/www.spky.fi\/wopr\/wp-content\/uploads\/2023\/05\/Lahtolista-Kitee-3.-4.6.2023-la.pdf\" target=\"_blank\" rel=\"noopener\"><strong>la 3.6. Kitee, Minna Eronen, 3-luokka<\/strong><\/a>\n<ul>\n<li><a href=\"https:\/\/www.spky.fi\/wopr\/wp-content\/uploads\/2023\/06\/Kitee-la-3.6.2023-1.lahto_.jpg\" target=\"_blank\" rel=\"noopener\">Tulokset, 1. l\u00e4ht\u00f6<\/a><\/li>\n<li><a href=\"https:\/\/www.spky.fi\/wopr\/wp-content\/uploads\/2023\/06\/Kitee-la-3.6.2023-2.lahto_.jpg\" target=\"_blank\" rel=\"noopener\">Tulokset, 2. l\u00e4ht\u00f6<\/a><\/li>\n<\/ul>\n<\/li>\n<li><a href=\"https:\/\/www.spky.fi\/wopr\/wp-content\/uploads\/2023\/05\/Lahtolista-Kitee-3.-4.6.2023.pdf\" target=\"_blank\" rel=\"noopener\"><strong>su 4.6. Kitee, Minna Eronen, 3-luokka<\/strong><\/a>\n<ul>\n<li><a href=\"https:\/\/www.spky.fi\/wopr\/wp-content\/uploads\/2023\/06\/Kitee-4.6.-3luokka-1lahto.jpg\" target=\"_blank\" rel=\"noopener\">Tulokset, 1. l\u00e4ht\u00f6<\/a><\/li>\n<li><a href=\"https:\/\/www.spky.fi\/wopr\/wp-content\/uploads\/2023\/06\/Kitee-4.6.2023-3luokka-2lahto.jpg\" target=\"_blank\" rel=\"noopener\">Tulokset, 2. l\u00e4ht\u00f6<\/a><\/li>\n<\/ul>\n<\/li>\n<li><a href=\"https:\/\/www.spky.fi\/wopr\/wp-content\/uploads\/2023\/06\/Lahtolista-Loviisa-17.-18.6.2023-3-luokka-la-17.6.-.pdf\" target=\"_blank\" rel=\"noopener\"><strong>la 17.6. Loviisa, Leena Jussila, 3-luokka<\/strong><\/a>\u00a0<br \/>\n<ul>\n<li><a href=\"https:\/\/www.spky.fi\/wopr\/wp-content\/uploads\/2023\/06\/Loviisa-17062023-3luokka.jpg\" target=\"_blank\" rel=\"noopener\">Tulokset 1.sivu<\/a> ja <a href=\"https:\/\/www.spky.fi\/wopr\/wp-content\/uploads\/2023\/06\/Loviisa-17062023-3luokka-_2.jpg\" target=\"_blank\" rel=\"noopener\">2. sivu<\/a><\/li>\n<\/ul>\n<\/li>\n<li><a href=\"https:\/\/www.spky.fi\/wopr\/wp-content\/uploads\/2023\/06\/Lahtolista-Loviisa-17.-18.6.2023-3-luokka-su-18.6.-1.pdf\" target=\"_blank\" rel=\"noopener\"><strong>su 18.6. Loviisa, Leena Jussila, 3-luokka<\/strong><\/a>\n<ul>\n<li><a href=\"https:\/\/www.spky.fi\/wopr\/wp-content\/uploads\/2023\/06\/Loviisa-18.6.2023-3luokka_1.jpg\" target=\"_blank\" rel=\"noopener\">Tulokset 1. sivu<\/a> ja <a href=\"https:\/\/www.spky.fi\/wopr\/wp-content\/uploads\/2023\/06\/Loviisa-18.6.2023-3luokka.jpg\" target=\"_blank\" rel=\"noopener\">2. sivu<\/a><\/li>\n<\/ul>\n<\/li>\n<li><a href=\"https:\/\/www.spky.fi\/wopr\/wp-content\/uploads\/2023\/06\/Lahtolista-Loviisa-19.-20.6.-1-ja-2-luokka-ma-19.6.pdf\" target=\"_blank\" rel=\"noopener\"><strong>ma 19.6. Loviisa, Leena Jussila, 1- ja 2-luokka (iltakisat)<\/strong><\/a>\u00a0\n<ul>\n<li>\u00a0<a href=\"https:\/\/www.spky.fi\/wopr\/wp-content\/uploads\/2023\/06\/Loviisa-19.6.2023-1-luokka.jpg\" target=\"_blank\" rel=\"noopener\">Tulokset 1 luokka<\/a> ja <a href=\"https:\/\/www.spky.fi\/wopr\/wp-content\/uploads\/2023\/06\/Loviisa-19.6.2023-2luokka.jpg\" target=\"_blank\" rel=\"noopener\">2 luokka<\/a><\/li>\n<\/ul>\n<\/li>\n<li><a href=\"https:\/\/www.spky.fi\/wopr\/wp-content\/uploads\/2023\/06\/Lahtolista-Loviisa-20.6.-1-ja-2-luokka.pdf\" target=\"_blank\" rel=\"noopener\"><strong>ti 20.6. Loviisa, Leena Jussila, 1- ja 2-luokka (iltakisat)<\/strong><\/a>\n<ul>\n<li><a href=\"https:\/\/www.spky.fi\/wopr\/wp-content\/uploads\/2023\/06\/Loviisa-20.6.2023-1luokka.jpg\" target=\"_blank\" rel=\"noopener\">Tulokset 1 luokka<\/a> ja <a href=\"https:\/\/www.spky.fi\/wopr\/wp-content\/uploads\/2023\/06\/Loviisa-20.6.2023-2luokka.jpg\" target=\"_blank\" rel=\"noopener\">2 luokka<\/a><\/li>\n<\/ul>\n<\/li>\n<li><a href=\"https:\/\/www.spky.fi\/wopr\/wp-content\/uploads\/2023\/06\/Lahtolista-22.6.2023-Somero-3-luokka.pdf\" target=\"_blank\" rel=\"noopener\"><strong>to 22.6. Somero, Elisa ja Kari Kotikoski, 3-luokka<\/strong><\/a>\n<ul>\n<li><a href=\"https:\/\/www.spky.fi\/wopr\/wp-content\/uploads\/2023\/06\/Somero-22.6.2023-3luokka.jpg\" target=\"_blank\" rel=\"noopener\">Tulokset 1. sivu<\/a> ja <a href=\"https:\/\/www.spky.fi\/wopr\/wp-content\/uploads\/2023\/06\/Somero-22.6.2023-3luokka_2.jpg\" target=\"_blank\" rel=\"noopener\">2. sivu<\/a><\/li>\n<\/ul>\n<\/li>\n<li><a href=\"https:\/\/www.spky.fi\/wopr\/wp-content\/uploads\/2023\/06\/Lahtolista-23.6.2023-Somero-3-luokka.pdf\"><strong>pe 23.6. Somero, Elisa ja Kari Kotikoski, 3-luokka<\/strong><\/a>\n<ul>\n<li><a href=\"https:\/\/www.spky.fi\/wopr\/wp-content\/uploads\/2023\/06\/Somero-23.6.2023-3luokka.jpg\" target=\"_blank\" rel=\"noopener\">Tulokset<\/a><\/li>\n<\/ul>\n<\/li>\n<li><a href=\"https:\/\/www.spky.fi\/wopr\/wp-content\/uploads\/2023\/06\/Lahtolista-26.6.2023-Salo-3-luokka.pdf\" target=\"_blank\" rel=\"noopener\"><strong>ma 26.6. Salo, Katja Suominen, 3-luokka<\/strong><\/a>\n<ul>\n<li><a href=\"https:\/\/www.spky.fi\/wopr\/wp-content\/uploads\/2023\/06\/Somero-26.6.2023-3luokka.jpg\" target=\"_blank\" rel=\"noopener\">Tulokset<\/a><\/li>\n<\/ul>\n<\/li>\n<li><a href=\"https:\/\/www.spky.fi\/wopr\/wp-content\/uploads\/2023\/06\/Simpele-2.7.2023-1-ja-2luokka.pdf\" target=\"_blank\" rel=\"noopener\"><strong>su 2.7. Simpele, Hanna Repo, 1- ja 2 luokka<\/strong><\/a>\n<ul>\n<li><a href=\"https:\/\/www.spky.fi\/wopr\/wp-content\/uploads\/2023\/07\/Simpele-2.7.2023-1luokka.jpg\" target=\"_blank\" rel=\"noopener\">Tulokset 1 luokka<\/a> ja <a href=\"https:\/\/www.spky.fi\/wopr\/wp-content\/uploads\/2023\/07\/Simpele-2.7.2023-2luokka.jpg\" target=\"_blank\" rel=\"noopener\">2 luokka<\/a><\/li>\n<\/ul>\n<\/li>\n<li><strong><a href=\"https:\/\/www.spky.fi\/wopr\/wp-content\/uploads\/2023\/07\/Lahtolista-Somero-1-ja-2-luokka-8.7.2023.pdf\" target=\"_blank\" rel=\"noopener\">la 8.7. Somero, Elisa ja Kari Kotikoski, 1- ja 2-luokka<\/a>\u00a0<br \/><\/strong>\n<ul>\n<li><a href=\"https:\/\/www.spky.fi\/wopr\/wp-content\/uploads\/2023\/07\/Somero-la-8.7.2023-1-ja-2luokka.jpg\" target=\"_blank\" rel=\"noopener\">Tulokset 1. ja 2. luokka<\/a><\/li>\n<\/ul>\n<\/li>\n<li><a href=\"https:\/\/www.spky.fi\/wopr\/wp-content\/uploads\/2023\/07\/Lahtolista-Somero-1-ja-2-luokka-8.-9.7.2023.pdf\" target=\"_blank\" rel=\"noopener\"><strong>su 9.7. Somero, Elisa ja Kari Kotikoski, 1- ja 2-luokka<\/strong><\/a>\n<ul>\n<li><a href=\"https:\/\/www.spky.fi\/wopr\/wp-content\/uploads\/2023\/07\/Somero-su-9.7.2023-1luokka.jpg\" target=\"_blank\" rel=\"noopener\">Tulokset 1. luokka<\/a> ja <a href=\"https:\/\/www.spky.fi\/wopr\/wp-content\/uploads\/2023\/07\/Somero-9.7.2023-2luokka.jpg\" target=\"_blank\" rel=\"noopener\">2. luokka<\/a><strong>\u00a0<br \/><\/strong><\/li>\n<\/ul>\n<\/li>\n<li><a href=\"https:\/\/www.spky.fi\/wopr\/wp-content\/uploads\/2023\/07\/Lahtolista-Loviisa-15.7.-1-ja-2-luokka.pdf\" target=\"_blank\" rel=\"noopener\"><strong>la 15.7. Loviisa, Leena Jussila, 1- ja 2-luokka<\/strong><\/a>\n<ul>\n<li><a href=\"https:\/\/www.spky.fi\/wopr\/wp-content\/uploads\/2023\/07\/Loviisa-la-15.7.2023-1luokka.jpg\" target=\"_blank\" rel=\"noopener\">Tulokset 1 luokka<\/a> ja <a href=\"https:\/\/www.spky.fi\/wopr\/wp-content\/uploads\/2023\/07\/Loviisa-la-15.7.-2luokka.jpg\" target=\"_blank\" rel=\"noopener\">2 luokka<\/a><\/li>\n<\/ul>\n<\/li>\n<li><a href=\"https:\/\/www.spky.fi\/wopr\/wp-content\/uploads\/2023\/07\/Lahtolista-Loviisa-16.7.-1-ja-2-luokka.pdf\" target=\"_blank\" rel=\"noopener\"><strong>su 16.7. Loviisa, Leena Jussila, 1- ja 2-luokka<\/strong><\/a>\n<ul>\n<li><a href=\"https:\/\/www.spky.fi\/wopr\/wp-content\/uploads\/2023\/07\/Loviisa-su-16.7.2023-1luokka.jpg\" target=\"_blank\" rel=\"noopener\">Tulokset 1 luokka<\/a> ja <a href=\"https:\/\/www.spky.fi\/wopr\/wp-content\/uploads\/2023\/07\/Loviisa-su-16.7.2023-2luokka.jpg\" target=\"_blank\" rel=\"noopener\">2 luokka<\/a><\/li>\n<\/ul>\n<\/li>\n<li><a href=\"https:\/\/www.spky.fi\/wopr\/wp-content\/uploads\/2023\/07\/Lahtolista-Salo-Uotila-22.7.2023.pdf\" target=\"_blank\" rel=\"noopener\"><strong>la 22.7. Salo, Uotilan lammastila, 3-luokka<\/strong><\/a>\n<ul>\n<li><a href=\"https:\/\/www.spky.fi\/wopr\/wp-content\/uploads\/2023\/07\/Salo-la-22.7.2023-3-luokka-1-lahto.jpg\" target=\"_blank\" rel=\"noopener\">Tulokset 1. l\u00e4ht\u00f6<\/a><\/li>\n<li><a href=\"https:\/\/www.spky.fi\/wopr\/wp-content\/uploads\/2023\/07\/Salo-la-22.7.2023-3-luokka-2-lahto.jpg\" target=\"_blank\" rel=\"noopener\">Tulokset 2. l\u00e4ht\u00f6<\/a><\/li>\n<\/ul>\n<\/li>\n<li><a href=\"https:\/\/www.spky.fi\/wopr\/wp-content\/uploads\/2023\/07\/Lahtolista-Salo-Uotila-23.7.2023.pdf\" target=\"_blank\" rel=\"noopener\"><strong>su 23.7. Salo, Uotilan lammastila, 3-luokka<\/strong><\/a>\n<ul>\n<li><a href=\"https:\/\/www.spky.fi\/wopr\/wp-content\/uploads\/2023\/07\/Salo-su-23.7.2023-3luokka-1lahto.jpg\" target=\"_blank\" rel=\"noopener\">Tulokset 1. l\u00e4ht\u00f6<\/a><\/li>\n<li><a href=\"https:\/\/www.spky.fi\/wopr\/wp-content\/uploads\/2023\/07\/Salo-su-23.7.2023-3luokka-2lahto.jpg\" target=\"_blank\" rel=\"noopener\">Tulokset 2. l\u00e4ht\u00f6<\/a><\/li>\n<\/ul>\n<\/li>\n<li><a href=\"https:\/\/www.spky.fi\/wopr\/wp-content\/uploads\/2023\/07\/Lahtolista-Kitee-5.-6.8.2023-la-5.8.pdf\" target=\"_blank\" rel=\"noopener\"><strong>la 5.8. Kitee, Minna Eronen, 2- ja 3-luokka<\/strong><\/a>\n<ul>\n<li><a href=\"https:\/\/www.spky.fi\/wopr\/wp-content\/uploads\/2023\/08\/Kitee-5.8.2023-2luokka.jpg\" target=\"_blank\" rel=\"noopener\">Tulokset 2-luokka<\/a><\/li>\n<li><a href=\"https:\/\/www.spky.fi\/wopr\/wp-content\/uploads\/2023\/08\/Kitee-5.8.2023-3luokka.jpg\" target=\"_blank\" rel=\"noopener\">Tulokset 3-luokka 1. l\u00e4ht\u00f6<\/a> ja <a href=\"https:\/\/www.spky.fi\/wopr\/wp-content\/uploads\/2023\/08\/Kitee-5.8.2023-3luokka-2.lahto_.jpg\" target=\"_blank\" rel=\"noopener\">3-luokka 2. l\u00e4ht\u00f6<\/a><\/li>\n<\/ul>\n<\/li>\n<li><a href=\"https:\/\/www.spky.fi\/wopr\/wp-content\/uploads\/2023\/07\/Lahtolista-Kitee-5.-6.8.2023-su-6.8.-2.pdf\" target=\"_blank\" rel=\"noopener\"><strong>su 6.8. Kitee, Minna Eronen, 2- ja 3-luokka<\/strong><\/a>\n<ul>\n<li><a href=\"https:\/\/www.spky.fi\/wopr\/wp-content\/uploads\/2023\/08\/Kitee-6.8.2023-2luokka.jpg\" target=\"_blank\" rel=\"noopener\">Tulokset 2-luokka<\/a><\/li>\n<li><a href=\"https:\/\/www.spky.fi\/wopr\/wp-content\/uploads\/2023\/08\/Kitee-6.8.2023-3luokka-1lahto.jpg\" target=\"_blank\" rel=\"noopener\">Tulokset 3-luokka 1. l\u00e4ht\u00f6<\/a> ja <a href=\"https:\/\/www.spky.fi\/wopr\/wp-content\/uploads\/2023\/08\/Kitee-6.8.2023-3luokka-2.lahto_.jpg\" target=\"_blank\" rel=\"noopener\">3-luokka 2. l\u00e4ht\u00f6<\/a><\/li>\n<\/ul>\n<\/li>\n<li><strong><a href=\"https:\/\/www.spky.fi\/wopr\/wp-content\/uploads\/2023\/08\/Lahtolista-Tuusula-la-12.8.2023.pdf\" target=\"_blank\" rel=\"noopener\">la 12.8. Tuusula, Linda Pihl, 1- ja 2-luokka<\/a><\/strong>\n<ul>\n<li><a href=\"https:\/\/www.spky.fi\/wopr\/wp-content\/uploads\/2023\/08\/Tuusula-la-12.8.2023-1luokka.jpg\" target=\"_blank\" rel=\"noopener\">Tulokset 1-luokka<\/a><\/li>\n<li><a href=\"https:\/\/www.spky.fi\/wopr\/wp-content\/uploads\/2023\/08\/Tuusula-la-12.8.2023-2-luokka.jpg\" target=\"_blank\" rel=\"noopener\">Tulokset 2-luokka<\/a><\/li>\n<\/ul>\n<\/li>\n<li><a href=\"https:\/\/www.spky.fi\/wopr\/wp-content\/uploads\/2023\/08\/Lahtolista-Tuusula-su-13.8.2023.pdf\" target=\"_blank\" rel=\"noopener\"><strong>su 13.8. Tuusula, Linda Pihl, 1- ja 2-luokka<\/strong><\/a>\n<ul>\n<li><a href=\"https:\/\/www.spky.fi\/wopr\/wp-content\/uploads\/2023\/08\/Tuusula-su-13.8.2023-1luokka.jpg\" target=\"_blank\" rel=\"noopener\">Tulokset 1-luokka<\/a><\/li>\n<li><a href=\"https:\/\/www.spky.fi\/wopr\/wp-content\/uploads\/2023\/08\/Tuusula-su-13.8.2023-2luokka.jpg\" target=\"_blank\" rel=\"noopener\">Tulokset 2-luokka<\/a><\/li>\n<\/ul>\n<\/li>\n<li><a href=\"https:\/\/www.spky.fi\/wopr\/wp-content\/uploads\/2023\/08\/Lahtolista-Simpele-16.-17.8.2023-ke-16.8.-.pdf\" target=\"_blank\" rel=\"noopener\"><strong>ke 16.8. Simpele, Hanna Repo, 1- ja 2-luokka<\/strong><\/a>\n<ul>\n<li><a href=\"https:\/\/www.spky.fi\/wopr\/wp-content\/uploads\/2023\/08\/Simpele-16.8.2023-1-ja-2luokka.jpg\" target=\"_blank\" rel=\"noopener\">Tulokset<\/a><\/li>\n<\/ul>\n<\/li>\n<li><a href=\"https:\/\/www.spky.fi\/wopr\/wp-content\/uploads\/2023\/08\/Lahtolista-Simpele-16.-17.8.2023-to-17.8.pdf\" target=\"_blank\" rel=\"noopener\"><strong>to 17.8. Simpele, Hanna Repo, 1- ja 2-luokka<\/strong><\/a>\n<ul>\n<li><a href=\"https:\/\/www.spky.fi\/wopr\/wp-content\/uploads\/2023\/08\/Simpele-17.8.2023-1-ja-2luokka.jpg\" target=\"_blank\" rel=\"noopener\">Tulokset<\/a><\/li>\n<\/ul>\n<\/li>\n<li><a href=\"https:\/\/www.spky.fi\/wopr\/wp-content\/uploads\/2023\/08\/Lahtolista-Uotila-19.-20.8.2023-Maajoukkeen-karsintakilpailut-la-19.8.-.pdf\" target=\"_blank\" rel=\"noopener\"><strong>la 19.8. Salo, Uotilan lammastila, Maajoukkueen karsintakilpailu 3-luokka<\/strong><\/a>\u00a0\n<ul>\n<li><a href=\"https:\/\/www.spky.fi\/wopr\/wp-content\/uploads\/2023\/08\/Uotilan-karsintakisa-19.8.2023.jpg\" target=\"_blank\" rel=\"noopener\">Tulokset 1-30<\/a><\/li>\n<\/ul>\n<\/li>\n<li><a href=\"https:\/\/www.spky.fi\/wopr\/wp-content\/uploads\/2023\/08\/Lahtolista-Uotila-19.-20.8.2023-Maajoukkeen-karsintakilpailut-su-20.8-.pdf\" target=\"_blank\" rel=\"noopener\"><strong>su 20.8. Salo, Uotilan lammastila, Maajoukkueen karsintakilpailu 3-luokka<\/strong><\/a>\u00a0\n<ul>\n<li><a href=\"https:\/\/www.spky.fi\/wopr\/wp-content\/uploads\/2023\/08\/Uotila-20.8.2023-1-18.jpg\" target=\"_blank\" rel=\"noopener\">Tulokset 1-16<\/a> ja <a href=\"https:\/\/www.spky.fi\/wopr\/wp-content\/uploads\/2023\/08\/Uotila-20.8.2023-19-30.jpg\" target=\"_blank\" rel=\"noopener\">tulokset 17-30<\/a><\/li>\n<\/ul>\n<\/li>\n<li><a href=\"https:\/\/www.spky.fi\/wopr\/wp-content\/uploads\/2023\/08\/Kitee-la-2.9.2023.pdf\" target=\"_blank\" rel=\"noopener\"><strong>la 2.9. Kitee, Minna Eronen, 2- ja 3-luokka<\/strong><\/a>\n<ul>\n<li><a href=\"https:\/\/www.spky.fi\/wopr\/wp-content\/uploads\/2023\/09\/Kitee-2.9.2023-2-luokka.jpg\" target=\"_blank\" rel=\"noopener\">Tulokset 2 luokka<\/a><\/li>\n<li><a href=\"https:\/\/www.spky.fi\/wopr\/wp-content\/uploads\/2023\/09\/Kitee-la-2.9.2023-1-lahto.jpg\" target=\"_blank\" rel=\"noopener\">3 luokka A-l\u00e4ht\u00f6<\/a> ja <a href=\"https:\/\/www.spky.fi\/wopr\/wp-content\/uploads\/2023\/09\/Kitee-2.9.2023-3-luokka-2.lahto_.jpg\" target=\"_blank\" rel=\"noopener\">B-l\u00e4ht\u00f6<\/a><\/li>\n<\/ul>\n<\/li>\n<li><a href=\"https:\/\/www.spky.fi\/wopr\/wp-content\/uploads\/2023\/08\/Lahtolista-Kitee-su-3.9.2023.pdf\" target=\"_blank\" rel=\"noopener\"><strong>su 3.9. Kitee, Minna Eronen, 2- ja 3-luokka<\/strong><\/a>\n<ul>\n<li><a href=\"https:\/\/www.spky.fi\/wopr\/wp-content\/uploads\/2023\/09\/Kitee-3.9.2023-2-luokka.jpg\" target=\"_blank\" rel=\"noopener\">Tulokset 2 luokka<\/a><\/li>\n<li><a href=\"https:\/\/www.spky.fi\/wopr\/wp-content\/uploads\/2023\/09\/Kitee-3.9.2023-3-luokka-A-lahto.jpg\" target=\"_blank\" rel=\"noopener\">Tulokset 3 luokka A l\u00e4ht\u00f6<\/a> ja <a href=\"https:\/\/www.spky.fi\/wopr\/wp-content\/uploads\/2023\/09\/Kitee-3.9.2023-3-luokka-B-lahto.jpg\" target=\"_blank\" rel=\"noopener\">B l\u00e4ht\u00f6<\/a><\/li>\n<\/ul>\n<\/li>\n<li><a href=\"https:\/\/www.spky.fi\/wopr\/wp-content\/uploads\/2023\/09\/Juva-la-22.9.2023.pdf\" target=\"_blank\" rel=\"noopener\"><strong>pe 22.9. Nautamestaruus, Juva, Muumaa, Nauta 2-luokka<\/strong><\/a>\n<ul>\n<li><a href=\"https:\/\/www.spky.fi\/wopr\/wp-content\/uploads\/2023\/09\/Nautamestaruus-1.-paiva-ekat.jpg\" target=\"_blank\" rel=\"noopener\">Tulokset 1-17<\/a> ja <a href=\"https:\/\/www.spky.fi\/wopr\/wp-content\/uploads\/2023\/09\/Nautamestaruus-1.-paiva-loput.jpg\" target=\"_blank\" rel=\"noopener\">18-25<\/a><\/li>\n<\/ul>\n<\/li>\n<li><a href=\"https:\/\/www.spky.fi\/wopr\/wp-content\/uploads\/2023\/09\/Lahtolista-su-23.9.2023-Nautamestaruus-Juva.pdf\" target=\"_blank\" rel=\"noopener\"><strong>la 23.9. Nautamestaruus, Juva, Muumaa, Nauta 2-luokka<\/strong><\/a>\n<ul>\n<li><a href=\"https:\/\/www.spky.fi\/wopr\/wp-content\/uploads\/2023\/09\/Nautamestaruus-la-23.9.2023-alku.jpg\" target=\"_blank\" rel=\"noopener\">Tulokset 1-17<\/a> ja <a href=\"https:\/\/www.spky.fi\/wopr\/wp-content\/uploads\/2023\/09\/Nautamestaruus-la-23.9.2023-loput.jpg\" target=\"_blank\" rel=\"noopener\">18-25<\/a><\/li>\n<\/ul>\n<\/li>\n<li><a href=\"https:\/\/www.spky.fi\/wopr\/wp-content\/uploads\/2023\/09\/Lahtolista-SM-kisat-29.9.-1.10.2023-Tammisaari-pe-29.9.pdf\" target=\"_blank\" rel=\"noopener\"><strong>pe 29.9. SM-kisat, Tammisaari<\/strong><\/a><br \/>\n<ul>\n<li><a href=\"https:\/\/www.spky.fi\/wopr\/wp-content\/uploads\/2023\/09\/Tammisaari-29.9.2023-alku.jpg\" target=\"_blank\" rel=\"noopener\">Tulokset 1-16<\/a> ja <a href=\"https:\/\/www.spky.fi\/wopr\/wp-content\/uploads\/2023\/09\/Tammisaari-29.9.2023-loput.jpg\" target=\"_blank\" rel=\"noopener\">17-35<\/a><\/li>\n<\/ul>\n<\/li>\n<li><a href=\"https:\/\/www.spky.fi\/wopr\/wp-content\/uploads\/2023\/09\/Lahtolista-SM-kisat-29.9.-1.10.2023-Tammisaari-la-30.9.-1.pdf\" target=\"_blank\" rel=\"noopener\"><strong>la 30.9. SM-kisat, Tammisaari<\/strong><\/a>\n<ul>\n<li><a href=\"https:\/\/www.spky.fi\/wopr\/wp-content\/uploads\/2023\/09\/Tammisaari-30.9.2023-aamu.jpg\" target=\"_blank\" rel=\"noopener\">Tulokset aamu<\/a> ja <a href=\"https:\/\/www.spky.fi\/wopr\/wp-content\/uploads\/2023\/09\/Tammisaari-30.9.2023-loput.jpg\" target=\"_blank\" rel=\"noopener\">iltap\u00e4iv\u00e4<\/a><\/li>\n<\/ul>\n<\/li>\n<li><a href=\"https:\/\/www.spky.fi\/wopr\/wp-content\/uploads\/2023\/09\/SM-Finaali-2023.pdf\" target=\"_blank\" rel=\"noopener\"><strong>su 1.10. SM-kisat, Tammisaari<\/strong><\/a>\n<ul>\n<li><a href=\"https:\/\/www.spky.fi\/wopr\/wp-content\/uploads\/2023\/10\/SM2023-finaali.jpg\" target=\"_blank\" rel=\"noopener\">Tulokset<\/a>\u00a0<\/li>\n<li><a href=\"https:\/\/www.spky.fi\/wopr\/wp-content\/uploads\/2023\/09\/SM-voittajat-40-vuoden-ajalta.pdf\" target=\"_blank\" rel=\"noopener\">SM-kisojen voittajat vuosien varrelta<\/a><\/li>\n<\/ul>\n<\/li>\n<li><a href=\"https:\/\/www.spky.fi\/wopr\/wp-content\/uploads\/2023\/10\/Pikkumestaruudet-la-14.10.pdf\" target=\"_blank\" rel=\"noopener\"><strong>la 14.10. Somero, 1-ja 2-luokan mestaruuskisat<\/strong><\/a>\n<ul>\n<li><a href=\"https:\/\/www.spky.fi\/wopr\/wp-content\/uploads\/2023\/10\/Pikkumestaruudet-14.10.2023-Somero.jpg\" target=\"_blank\" rel=\"noopener\">Tulokset<\/a><\/li>\n<\/ul>\n<\/li>\n<li><a href=\"https:\/\/www.spky.fi\/wopr\/wp-content\/uploads\/2023\/10\/Pikkumestaruudet-su-15.10.pdf\" target=\"_blank\" rel=\"noopener\"><strong><span style=\"font-size: revert;\">su 15.10. Somero, 1-ja 2-luokan mestaruuskisat<\/span><\/strong><\/a>\n<ul>\n<li><a href=\"https:\/\/www.spky.fi\/wopr\/wp-content\/uploads\/2023\/10\/Pikkumestaruudet-15.10.-1luokka.jpg\" target=\"_blank\" rel=\"noopener\">Tulokset 1-luokka<\/a> ja <a href=\"https:\/\/www.spky.fi\/wopr\/wp-content\/uploads\/2023\/10\/Pikkumestaruudet-15.10.-2luokka.jpg\" target=\"_blank\" rel=\"noopener\">2-luokka<\/a><\/li>\n<li><a href=\"https:\/\/www.spky.fi\/wopr\/wp-content\/uploads\/2023\/10\/Pikkumestaruudet-1luokka-yhteistulokset.jpg\" target=\"_blank\" rel=\"noopener\">Yhteistulos 1-luokka<\/a> ja <a href=\"https:\/\/www.spky.fi\/wopr\/wp-content\/uploads\/2023\/10\/Pikkumestaruudet-2luokka-yhteistulokset.jpg\" target=\"_blank\" rel=\"noopener\">yhteistulos 2-luokka<\/a><\/li>\n<\/ul>\n<\/li>\n<li><a href=\"https:\/\/www.spky.fi\/wopr\/wp-content\/uploads\/2023\/10\/Lahtolisto-21.-22.10.2023-Suomi-Nursery-ja-3-ja-2-luokka-Pernio-21.10.pdf\" target=\"_blank\" rel=\"noopener\"><strong>la 21.10. Suomi Nursery, Perni\u00f6<\/strong><\/a>\n<ul>\n<li><a href=\"https:\/\/www.spky.fi\/wopr\/wp-content\/uploads\/2023\/10\/Pernio-la-21102023-.jpg\" target=\"_blank\" rel=\"noopener\">Tulokset 3. luokka alku<\/a> ja <a href=\"https:\/\/www.spky.fi\/wopr\/wp-content\/uploads\/2023\/10\/Pernio-2luokka-la-21102023.jpg\" target=\"_blank\" rel=\"noopener\">3. luokka loppu ja 2. luokka<\/a><\/li>\n<\/ul>\n<\/li>\n<li><strong><a href=\"https:\/\/www.spky.fi\/wopr\/wp-content\/uploads\/2023\/10\/Lahtolisto-21.-22.10.2023-Suomi-Nursery-ja-3-ja-2-luokka-Pernio-22.10.pdf\" target=\"_blank\" rel=\"noopener\">su 22.10. Suomi Nursery, Perni\u00f6<\/a><\/strong>\n<ul>\n<li><a href=\"https:\/\/www.spky.fi\/wopr\/wp-content\/uploads\/2023\/10\/Pernio-22.10.2023-3-luokat.jpg\" target=\"_blank\" rel=\"noopener\">Tulokset 3. luokat alku<\/a> ja <a href=\"https:\/\/www.spky.fi\/wopr\/wp-content\/uploads\/2023\/10\/Pernio-22.10.2023-3-luokan-loppu-ja-2-luokka.jpg\" target=\"_blank\" rel=\"noopener\">3. luokka loppu ja 2. luokka<\/a><\/li>\n<li><a href=\"https:\/\/www.spky.fi\/wopr\/wp-content\/uploads\/2023\/10\/Nursery-tulos-yhteensa.jpg\" target=\"_blank\" rel=\"noopener\">Suomi Nursery 2023 yhteistulokset<\/a><\/li>\n<\/ul>\n<\/li>\n<li><a href=\"https:\/\/www.spky.fi\/wopr\/wp-content\/uploads\/2023\/10\/Lahtolista-28.-29.10.2023-Lempaala-la-28.10.-.pdf\" target=\"_blank\" rel=\"noopener\"><strong>la 28.10. Lemp\u00e4\u00e4l\u00e4, 1-, 2- ja 3-luokka<\/strong><\/a>\n<ul>\n<li><a href=\"https:\/\/www.spky.fi\/wopr\/wp-content\/uploads\/2023\/10\/Lempaala-28102023-1luokka.jpg\" target=\"_blank\" rel=\"noopener\">Tulokset 1-luokka<\/a> ja <a href=\"https:\/\/www.spky.fi\/wopr\/wp-content\/uploads\/2023\/10\/Lempaala-la-28102023-3luokka.jpg\" target=\"_blank\" rel=\"noopener\">3-luokka<\/a><\/li>\n<\/ul>\n<\/li>\n<li><a href=\"https:\/\/www.spky.fi\/wopr\/wp-content\/uploads\/2023\/10\/Lahtolista-28.-29.10.2023-Lempaala-su-29.10.-.pdf\" target=\"_blank\" rel=\"noopener\"><strong>su 29.10. Lemp\u00e4\u00e4l\u00e4, 1-, 2- ja 3-luokka<\/strong><\/a>\n<ul>\n<li><a href=\"https:\/\/www.spky.fi\/wopr\/wp-content\/uploads\/2023\/10\/Lempaala-29202023-1-j-2luokka.jpg\" target=\"_blank\" rel=\"noopener\">Tulokset 1- ja 2-luokka<\/a> ja <a href=\"https:\/\/www.spky.fi\/wopr\/wp-content\/uploads\/2023\/10\/Lempaala-29102023-3luokka.jpg\" target=\"_blank\" rel=\"noopener\">3-luokka<\/a><\/li>\n<\/ul>\n<\/li>\n<\/ul>\n\n\n","protected":false},"excerpt":{"rendered":"<p>Tulokset julkaistaan kilpailun j\u00e4lkeen kuvana\u00a0SPKY:n Facebook-sivulla\u00a0tai\u00a0SPKY:n Facebook-ryhm\u00e4ss\u00e4\u00a0sek\u00e4 my\u00f6hemmin linkkin\u00e4 t\u00e4ll\u00e4 sivulla. su 7.5. Halikko, Peppi Laine, 3-luokka Tulokset, sivu 1 ja\u00a0 sivu2 ma 8.5. Halikko, Peppi Laine, 3-luokka Tulokset, sivu 1 ja sivu 2 \u00a0su 14.5. Halikko, Peppi Laine, 1- ja 2-luokka Tulokset 1-luokka Tulokset 2-luokka pe 19.5. Rantasalmi, Susanna Nuutinen ja Mika Westerstr\u00e5hle, 1-, &hellip; <a href=\"https:\/\/www.spky.fi\/wopr\/lahtolistat-ja-tulokset-2023\/\" class=\"more-link\">Jatka lukemista <span class=\"screen-reader-text\">L\u00e4ht\u00f6listat ja tulokset 2023<\/span> <span class=\"meta-nav\">&rarr;<\/span><\/a><\/p>\n","protected":false},"author":2,"featured_media":0,"parent":0,"menu_order":0,"comment_status":"closed","ping_status":"closed","template":"","meta":{"jetpack_post_was_ever_published":false,"footnotes":""},"class_list":["post-4629","page","type-page","status-publish","hentry"],"yoast_head":"<!-- This site is optimized with the Yoast SEO plugin v27.5 - https:\/\/yoast.com\/product\/yoast-seo-wordpress\/ -->\n<title>L\u00e4ht\u00f6listat ja tulokset 2023 - Suomen Paimenkoirayhdistys ry<\/title>\n<meta name=\"robots\" content=\"index, follow, max-snippet:-1, max-image-preview:large, max-video-preview:-1\" \/>\n<link rel=\"canonical\" href=\"https:\/\/www.spky.fi\/wopr\/lahtolistat-ja-tulokset-2023\/\" \/>\n<meta property=\"og:locale\" content=\"fi_FI\" \/>\n<meta property=\"og:type\" content=\"article\" \/>\n<meta property=\"og:title\" content=\"L\u00e4ht\u00f6listat ja tulokset 2023 - Suomen Paimenkoirayhdistys ry\" \/>\n<meta property=\"og:description\" content=\"Tulokset julkaistaan kilpailun j\u00e4lkeen kuvana\u00a0SPKY:n Facebook-sivulla\u00a0tai\u00a0SPKY:n Facebook-ryhm\u00e4ss\u00e4\u00a0sek\u00e4 my\u00f6hemmin linkkin\u00e4 t\u00e4ll\u00e4 sivulla. su 7.5. Halikko, Peppi Laine, 3-luokka Tulokset, sivu 1 ja\u00a0 sivu2 ma 8.5. Halikko, Peppi Laine, 3-luokka Tulokset, sivu 1 ja sivu 2 \u00a0su 14.5. Halikko, Peppi Laine, 1- ja 2-luokka Tulokset 1-luokka Tulokset 2-luokka pe 19.5. Rantasalmi, Susanna Nuutinen ja Mika Westerstr\u00e5hle, 1-, &hellip; Jatka lukemista L\u00e4ht\u00f6listat ja tulokset 2023 &rarr;\" \/>\n<meta property=\"og:url\" content=\"https:\/\/www.spky.fi\/wopr\/lahtolistat-ja-tulokset-2023\/\" \/>\n<meta property=\"og:site_name\" content=\"Suomen Paimenkoirayhdistys ry\" \/>\n<meta property=\"article:publisher\" content=\"https:\/\/www.facebook.com\/SuomenPaimenkoirayhdistys\" \/>\n<meta property=\"article:modified_time\" content=\"2023-10-29T15:59:19+00:00\" \/>\n<meta name=\"twitter:card\" content=\"summary_large_image\" \/>\n<meta name=\"twitter:label1\" content=\"Arvioitu lukuaika\" \/>\n\t<meta name=\"twitter:data1\" content=\"3 minuuttia\" \/>\n<script type=\"application\/ld+json\" class=\"yoast-schema-graph\">{\"@context\":\"https:\\\/\\\/schema.org\",\"@graph\":[{\"@type\":\"WebPage\",\"@id\":\"https:\\\/\\\/www.spky.fi\\\/wopr\\\/lahtolistat-ja-tulokset-2023\\\/\",\"url\":\"https:\\\/\\\/www.spky.fi\\\/wopr\\\/lahtolistat-ja-tulokset-2023\\\/\",\"name\":\"L\u00e4ht\u00f6listat ja tulokset 2023 - Suomen Paimenkoirayhdistys ry\",\"isPartOf\":{\"@id\":\"https:\\\/\\\/www.spky.fi\\\/wopr\\\/#website\"},\"datePublished\":\"2023-04-29T15:43:37+00:00\",\"dateModified\":\"2023-10-29T15:59:19+00:00\",\"breadcrumb\":{\"@id\":\"https:\\\/\\\/www.spky.fi\\\/wopr\\\/lahtolistat-ja-tulokset-2023\\\/#breadcrumb\"},\"inLanguage\":\"fi\",\"potentialAction\":[{\"@type\":\"ReadAction\",\"target\":[\"https:\\\/\\\/www.spky.fi\\\/wopr\\\/lahtolistat-ja-tulokset-2023\\\/\"]}]},{\"@type\":\"BreadcrumbList\",\"@id\":\"https:\\\/\\\/www.spky.fi\\\/wopr\\\/lahtolistat-ja-tulokset-2023\\\/#breadcrumb\",\"itemListElement\":[{\"@type\":\"ListItem\",\"position\":1,\"name\":\"Etusivu\",\"item\":\"https:\\\/\\\/www.spky.fi\\\/wopr\\\/\"},{\"@type\":\"ListItem\",\"position\":2,\"name\":\"L\u00e4ht\u00f6listat ja tulokset 2023\"}]},{\"@type\":\"WebSite\",\"@id\":\"https:\\\/\\\/www.spky.fi\\\/wopr\\\/#website\",\"url\":\"https:\\\/\\\/www.spky.fi\\\/wopr\\\/\",\"name\":\"Suomen Paimenkoirayhdistys ry\",\"description\":\"Suomen Paimenkoirayhdistys edist&auml;&auml; paimenkoirien ty&ouml;k&auml;ytt&ouml;&auml;. Yhdistys auttaa paimenkoirakurssien, harjoitusten, kilpailujen ja n&auml;yt&ouml;sten j&auml;rjest&auml;misess&auml;.\",\"publisher\":{\"@id\":\"https:\\\/\\\/www.spky.fi\\\/wopr\\\/#organization\"},\"potentialAction\":[{\"@type\":\"SearchAction\",\"target\":{\"@type\":\"EntryPoint\",\"urlTemplate\":\"https:\\\/\\\/www.spky.fi\\\/wopr\\\/?s={search_term_string}\"},\"query-input\":{\"@type\":\"PropertyValueSpecification\",\"valueRequired\":true,\"valueName\":\"search_term_string\"}}],\"inLanguage\":\"fi\"},{\"@type\":\"Organization\",\"@id\":\"https:\\\/\\\/www.spky.fi\\\/wopr\\\/#organization\",\"name\":\"Suomen Paimenkoirayhdistys ry\",\"url\":\"https:\\\/\\\/www.spky.fi\\\/wopr\\\/\",\"logo\":{\"@type\":\"ImageObject\",\"inLanguage\":\"fi\",\"@id\":\"https:\\\/\\\/www.spky.fi\\\/wopr\\\/#\\\/schema\\\/logo\\\/image\\\/\",\"url\":\"https:\\\/\\\/www.spky.fi\\\/wopr\\\/wp-content\\\/uploads\\\/2024\\\/06\\\/SPKY_MUVA_PNG.png\",\"contentUrl\":\"https:\\\/\\\/www.spky.fi\\\/wopr\\\/wp-content\\\/uploads\\\/2024\\\/06\\\/SPKY_MUVA_PNG.png\",\"width\":3201,\"height\":3126,\"caption\":\"Suomen Paimenkoirayhdistys ry\"},\"image\":{\"@id\":\"https:\\\/\\\/www.spky.fi\\\/wopr\\\/#\\\/schema\\\/logo\\\/image\\\/\"},\"sameAs\":[\"https:\\\/\\\/www.facebook.com\\\/SuomenPaimenkoirayhdistys\"]}]}<\/script>\n<!-- \/ Yoast SEO plugin. -->","yoast_head_json":{"title":"L\u00e4ht\u00f6listat ja tulokset 2023 - Suomen Paimenkoirayhdistys ry","robots":{"index":"index","follow":"follow","max-snippet":"max-snippet:-1","max-image-preview":"max-image-preview:large","max-video-preview":"max-video-preview:-1"},"canonical":"https:\/\/www.spky.fi\/wopr\/lahtolistat-ja-tulokset-2023\/","og_locale":"fi_FI","og_type":"article","og_title":"L\u00e4ht\u00f6listat ja tulokset 2023 - Suomen Paimenkoirayhdistys ry","og_description":"Tulokset julkaistaan kilpailun j\u00e4lkeen kuvana\u00a0SPKY:n Facebook-sivulla\u00a0tai\u00a0SPKY:n Facebook-ryhm\u00e4ss\u00e4\u00a0sek\u00e4 my\u00f6hemmin linkkin\u00e4 t\u00e4ll\u00e4 sivulla. su 7.5. Halikko, Peppi Laine, 3-luokka Tulokset, sivu 1 ja\u00a0 sivu2 ma 8.5. Halikko, Peppi Laine, 3-luokka Tulokset, sivu 1 ja sivu 2 \u00a0su 14.5. Halikko, Peppi Laine, 1- ja 2-luokka Tulokset 1-luokka Tulokset 2-luokka pe 19.5. Rantasalmi, Susanna Nuutinen ja Mika Westerstr\u00e5hle, 1-, &hellip; Jatka lukemista L\u00e4ht\u00f6listat ja tulokset 2023 &rarr;","og_url":"https:\/\/www.spky.fi\/wopr\/lahtolistat-ja-tulokset-2023\/","og_site_name":"Suomen Paimenkoirayhdistys ry","article_publisher":"https:\/\/www.facebook.com\/SuomenPaimenkoirayhdistys","article_modified_time":"2023-10-29T15:59:19+00:00","twitter_card":"summary_large_image","twitter_misc":{"Arvioitu lukuaika":"3 minuuttia"},"schema":{"@context":"https:\/\/schema.org","@graph":[{"@type":"WebPage","@id":"https:\/\/www.spky.fi\/wopr\/lahtolistat-ja-tulokset-2023\/","url":"https:\/\/www.spky.fi\/wopr\/lahtolistat-ja-tulokset-2023\/","name":"L\u00e4ht\u00f6listat ja tulokset 2023 - Suomen Paimenkoirayhdistys ry","isPartOf":{"@id":"https:\/\/www.spky.fi\/wopr\/#website"},"datePublished":"2023-04-29T15:43:37+00:00","dateModified":"2023-10-29T15:59:19+00:00","breadcrumb":{"@id":"https:\/\/www.spky.fi\/wopr\/lahtolistat-ja-tulokset-2023\/#breadcrumb"},"inLanguage":"fi","potentialAction":[{"@type":"ReadAction","target":["https:\/\/www.spky.fi\/wopr\/lahtolistat-ja-tulokset-2023\/"]}]},{"@type":"BreadcrumbList","@id":"https:\/\/www.spky.fi\/wopr\/lahtolistat-ja-tulokset-2023\/#breadcrumb","itemListElement":[{"@type":"ListItem","position":1,"name":"Etusivu","item":"https:\/\/www.spky.fi\/wopr\/"},{"@type":"ListItem","position":2,"name":"L\u00e4ht\u00f6listat ja tulokset 2023"}]},{"@type":"WebSite","@id":"https:\/\/www.spky.fi\/wopr\/#website","url":"https:\/\/www.spky.fi\/wopr\/","name":"Suomen Paimenkoirayhdistys ry","description":"Suomen Paimenkoirayhdistys edist&auml;&auml; paimenkoirien ty&ouml;k&auml;ytt&ouml;&auml;. Yhdistys auttaa paimenkoirakurssien, harjoitusten, kilpailujen ja n&auml;yt&ouml;sten j&auml;rjest&auml;misess&auml;.","publisher":{"@id":"https:\/\/www.spky.fi\/wopr\/#organization"},"potentialAction":[{"@type":"SearchAction","target":{"@type":"EntryPoint","urlTemplate":"https:\/\/www.spky.fi\/wopr\/?s={search_term_string}"},"query-input":{"@type":"PropertyValueSpecification","valueRequired":true,"valueName":"search_term_string"}}],"inLanguage":"fi"},{"@type":"Organization","@id":"https:\/\/www.spky.fi\/wopr\/#organization","name":"Suomen Paimenkoirayhdistys ry","url":"https:\/\/www.spky.fi\/wopr\/","logo":{"@type":"ImageObject","inLanguage":"fi","@id":"https:\/\/www.spky.fi\/wopr\/#\/schema\/logo\/image\/","url":"https:\/\/www.spky.fi\/wopr\/wp-content\/uploads\/2024\/06\/SPKY_MUVA_PNG.png","contentUrl":"https:\/\/www.spky.fi\/wopr\/wp-content\/uploads\/2024\/06\/SPKY_MUVA_PNG.png","width":3201,"height":3126,"caption":"Suomen Paimenkoirayhdistys ry"},"image":{"@id":"https:\/\/www.spky.fi\/wopr\/#\/schema\/logo\/image\/"},"sameAs":["https:\/\/www.facebook.com\/SuomenPaimenkoirayhdistys"]}]}},"jetpack_sharing_enabled":true,"jetpack_shortlink":"https:\/\/wp.me\/PaLGv4-1cF","_links":{"self":[{"href":"https:\/\/www.spky.fi\/wopr\/wp-json\/wp\/v2\/pages\/4629","targetHints":{"allow":["GET"]}}],"collection":[{"href":"https:\/\/www.spky.fi\/wopr\/wp-json\/wp\/v2\/pages"}],"about":[{"href":"https:\/\/www.spky.fi\/wopr\/wp-json\/wp\/v2\/types\/page"}],"author":[{"embeddable":true,"href":"https:\/\/www.spky.fi\/wopr\/wp-json\/wp\/v2\/users\/2"}],"replies":[{"embeddable":true,"href":"https:\/\/www.spky.fi\/wopr\/wp-json\/wp\/v2\/comments?post=4629"}],"version-history":[{"count":92,"href":"https:\/\/www.spky.fi\/wopr\/wp-json\/wp\/v2\/pages\/4629\/revisions"}],"predecessor-version":[{"id":5629,"href":"https:\/\/www.spky.fi\/wopr\/wp-json\/wp\/v2\/pages\/4629\/revisions\/5629"}],"wp:attachment":[{"href":"https:\/\/www.spky.fi\/wopr\/wp-json\/wp\/v2\/media?parent=4629"}],"curies":[{"name":"wp","href":"https:\/\/api.w.org\/{rel}","templated":true}]}}