{"id":6147,"date":"2024-03-30T13:24:46","date_gmt":"2024-03-30T13:24:46","guid":{"rendered":"https:\/\/www.spky.fi\/wopr\/?page_id=6147"},"modified":"2025-04-06T06:41:55","modified_gmt":"2025-04-06T06:41:55","slug":"lahtolistat-ja-tulokset-2024","status":"publish","type":"page","link":"https:\/\/www.spky.fi\/wopr\/lahtolistat-ja-tulokset-2024\/","title":{"rendered":"L\u00e4ht\u00f6listat ja tulokset 2024"},"content":{"rendered":"\r\n<p>Tulokset julkaistaan kilpailun j\u00e4lkeen kuvana\u00a0<strong><a href=\"https:\/\/www.facebook.com\/SuomenPaimenkoirayhdistys\" target=\"_blank\" rel=\"noopener\">SPKY:n Facebook-sivulla<\/a><\/strong>\u00a0<br \/>\r\ntai\u00a0<strong><a href=\"https:\/\/www.facebook.com\/groups\/250780659345021\" target=\"_blank\" rel=\"noopener\">SPKY:n Facebook-ryhm\u00e4ss\u00e4\u00a0<\/a><\/strong>sek\u00e4 my\u00f6hemmin t\u00e4ll\u00e4 sivulla.\u00a0<\/p>\r\n<ul>\r\n\t<li><strong><a href=\"https:\/\/www.spky.fi\/wopr\/wp-content\/uploads\/2024\/05\/Lahtolista-Halikko-9.-10.5.-2024-to-9.5.pdf\" target=\"_blank\" rel=\"noopener\">To 9.5. Halikko, Peppi Laine, 3-luokka<\/a><\/strong>\r\n<ul>\r\n\t<li>Tulokset <a href=\"https:\/\/www.spky.fi\/wopr\/wp-content\/uploads\/2024\/05\/Halikko-9.5.2024-3lk.jpg\" target=\"_blank\" rel=\"noopener\">1. l\u00e4ht\u00f6<\/a> ja <a href=\"https:\/\/www.spky.fi\/wopr\/wp-content\/uploads\/2024\/05\/Halikko-9.5.2024-3lk-2.lahto_.jpg\" target=\"_blank\" rel=\"noopener\">2. l\u00e4ht\u00f6<\/a><\/li>\r\n<\/ul>\r\n<\/li>\r\n\t<li><a href=\"https:\/\/www.spky.fi\/wopr\/wp-content\/uploads\/2024\/05\/Lahtolista-Halikko-9.-10.5.-2024-pe-10.5.pdf\" target=\"_blank\" rel=\"noopener\"><strong>Pe 10.5. Halikko, Peppi Laine, 3-luokka<\/strong><\/a>\r\n<ul>\r\n\t<li>Tulokset <a href=\"https:\/\/www.spky.fi\/wopr\/wp-content\/uploads\/2024\/05\/Halikko-10.5.2024-1.-lahto.jpg\" target=\"_blank\" rel=\"noopener\">1. l\u00e4ht\u00f6<\/a> ja <a href=\"https:\/\/www.spky.fi\/wopr\/wp-content\/uploads\/2024\/05\/Halikko-10.5.2024-3-lk-2.-lahto.jpg\" target=\"_blank\" rel=\"noopener\">2. l\u00e4ht\u00f6<\/a><\/li>\r\n<\/ul>\r\n<\/li>\r\n\t<li><a href=\"https:\/\/www.spky.fi\/wopr\/wp-content\/uploads\/2024\/05\/Lahtolista-Halikko-11.5.-2024-1-ja-2-luokka-Taulukko1.pdf\" target=\"_blank\" rel=\"noopener\"><strong>La 11.5. Halikko, Peppi Laine, 1- ja 2-luokka<\/strong><\/a>\r\n<ul>\r\n\t<li>Tulokset <a href=\"https:\/\/www.spky.fi\/wopr\/wp-content\/uploads\/2024\/05\/Halikko-11.5.2024-1.luokka.jpg\" target=\"_blank\" rel=\"noopener\">1-luokka<\/a> ja <a href=\"https:\/\/www.spky.fi\/wopr\/wp-content\/uploads\/2024\/05\/Halikko-11.5.2024-2.-luokka.jpg\" target=\"_blank\" rel=\"noopener\">2-luokka<\/a><\/li>\r\n<\/ul>\r\n<\/li>\r\n\t<li><a href=\"https:\/\/www.spky.fi\/wopr\/wp-content\/uploads\/2024\/05\/Lahtolista-Rantasalmi-18.-19.5.2024-3-ja-2-luokka-la-18.5.pdf\" target=\"_blank\" rel=\"noopener\"><strong>La 18.5. Rantasalmi, Putkisalo, 3-luokka ja 2-luokka<\/strong><\/a>\r\n<ul>\r\n\t<li>Tulokset <a href=\"https:\/\/www.spky.fi\/wopr\/wp-content\/uploads\/2024\/05\/Rantasalmi-18.5.2024-3lk.jpg\" target=\"_blank\" rel=\"noopener\">3-luokka<\/a> ja <a href=\"https:\/\/www.spky.fi\/wopr\/wp-content\/uploads\/2024\/05\/Rantasalmi-18.5.2024-2-lk.jpg\" target=\"_blank\" rel=\"noopener\">2-luokka<\/a><\/li>\r\n<\/ul>\r\n<\/li>\r\n\t<li><a href=\"https:\/\/www.spky.fi\/wopr\/wp-content\/uploads\/2024\/05\/Lahtolista-Rantasalmi-18.-19.5.2024-3-ja-2-luokka-su-19.5.pdf\" target=\"_blank\" rel=\"noopener\"><strong>Su 19.5. Rantasalmi, Putkisalo, 3-luokka ja 2-luokka<\/strong><\/a>\r\n<ul>\r\n\t<li>Tulokset <a href=\"https:\/\/www.spky.fi\/wopr\/wp-content\/uploads\/2024\/05\/Rantasalmi-19.5.2024-3-lk.jpg\" target=\"_blank\" rel=\"noopener\">3-luokka<\/a> ja <a href=\"https:\/\/www.spky.fi\/wopr\/wp-content\/uploads\/2024\/05\/Rantasalmi-19.5.2024-2-lk.jpg\" target=\"_blank\" rel=\"noopener\">2-luokka<\/a><\/li>\r\n<\/ul>\r\n<\/li>\r\n\t<li><strong><a href=\"https:\/\/www.spky.fi\/wopr\/wp-content\/uploads\/2024\/05\/Lahtolista-25.-26.5.2024-Somero-3-luokka-la-25.5.pdf\" target=\"_blank\" rel=\"noopener\">\u00a0La 25.5. Somero, Elisa ja Kari Kotikoski, 3- luokka<\/a><\/strong>\r\n<ul>\r\n\t<li>Tulokset <a href=\"https:\/\/www.spky.fi\/wopr\/wp-content\/uploads\/2024\/05\/Somero-25.5.2024-3-lk-1-lahto.jpg\" target=\"_blank\" rel=\"noopener\">1. l\u00e4ht\u00f6<\/a> ja <a href=\"https:\/\/www.spky.fi\/wopr\/wp-content\/uploads\/2024\/05\/Somero-25.5.2024-3-lk-2-lahto.jpg\" target=\"_blank\" rel=\"noopener\">2. l\u00e4ht\u00f6<\/a><\/li>\r\n<\/ul>\r\n<\/li>\r\n\t<li><a href=\"https:\/\/www.spky.fi\/wopr\/wp-content\/uploads\/2024\/05\/Lahtolista-25.-26.5.2024-Somero-3-luokka-su-26.5.pdf\" target=\"_blank\" rel=\"noopener\">\u00a0<span style=\"font-size: revert;\"><strong>Su 26.5. Somero, Elisa ja Kari Kotikoski, 3- luokka<\/strong><\/span><\/a>\r\n<ul>\r\n\t<li>Tulokset <a href=\"https:\/\/www.spky.fi\/wopr\/wp-content\/uploads\/2024\/05\/Somero-26.5.2924-3-lk-1-lahto.jpg\" target=\"_blank\" rel=\"noopener\">1. l\u00e4ht\u00f6<\/a> ja <a href=\"https:\/\/www.spky.fi\/wopr\/wp-content\/uploads\/2024\/05\/Somero-26.5.2024-3-lk-2-lahto.jpg\" target=\"_blank\" rel=\"noopener\">2. l\u00e4ht\u00f6<\/a><\/li>\r\n<\/ul>\r\n<\/li>\r\n\t<li><a href=\"https:\/\/www.spky.fi\/wopr\/wp-content\/uploads\/2024\/05\/Lahtolista-1.-2.6.-2024-Tammisaari-3-luokka-la-1.6.-1.pdf\" target=\"_blank\" rel=\"noopener\"><strong>La 1.6. Tammisaari, Annika Paarvio, 3-luokka<\/strong><\/a><br \/>\r\n<ul>\r\n\t<li>Tulokset <a href=\"https:\/\/www.spky.fi\/wopr\/wp-content\/uploads\/2024\/06\/Tammisaari-1.6.2024-3-lk-1-lahto.jpg\" target=\"_blank\" rel=\"noopener\">1. l\u00e4ht\u00f6<\/a> ja <a href=\"https:\/\/www.spky.fi\/wopr\/wp-content\/uploads\/2024\/06\/Tammisaari-1.6.2024-3-lk-2-lahto.jpg\" target=\"_blank\" rel=\"noopener\">2. l\u00e4ht\u00f6<\/a><\/li>\r\n<\/ul>\r\n<\/li>\r\n\t<li><a href=\"https:\/\/www.spky.fi\/wopr\/wp-content\/uploads\/2024\/05\/Lahtolista-1.-2.6.-2024-Tammisaari-3-luokka-su-2.6.-.pdf\" target=\"_blank\" rel=\"noopener\"><strong>Su 2.6. Tammisaari, Annika Paarvio, 3-luokka<\/strong><\/a>\r\n<ul>\r\n\t<li>Tulokset <a href=\"https:\/\/www.spky.fi\/wopr\/wp-content\/uploads\/2024\/06\/Tammisaari-2.6.2024-3-lk-1-lahto.jpg\" target=\"_blank\" rel=\"noopener\">1. l\u00e4ht\u00f6<\/a> ja <a href=\"https:\/\/www.spky.fi\/wopr\/wp-content\/uploads\/2024\/06\/Tammisaari-2.6.2024-3-lk-2-lahto.jpg\" target=\"_blank\" rel=\"noopener\">2. l\u00e4ht\u00f6<\/a><\/li>\r\n<\/ul>\r\n<\/li>\r\n\t<li><a href=\"https:\/\/www.spky.fi\/wopr\/wp-content\/uploads\/2024\/05\/Lahtolista-3.6.2024-Tammisaari-1-ja-2-luokka-ma-3.6.-.pdf\" target=\"_blank\" rel=\"noopener\"><strong>Ma 3.6. Tammisaari, Annika Paarvio, 1- ja 2-luokka<\/strong><\/a>\r\n<ul>\r\n\t<li>Tulokset <a href=\"https:\/\/www.spky.fi\/wopr\/wp-content\/uploads\/2024\/06\/Tammisaari-3.6.-2024-1lk.jpg\" target=\"_blank\" rel=\"noopener\">1 luokka<\/a> ja <a href=\"https:\/\/www.spky.fi\/wopr\/wp-content\/uploads\/2024\/06\/Tammisaari-3.6.2024-2-lk.jpg\" target=\"_blank\" rel=\"noopener\">2 luokka<\/a><\/li>\r\n<\/ul>\r\n<\/li>\r\n\t<li><a href=\"https:\/\/www.spky.fi\/wopr\/wp-content\/uploads\/2024\/06\/Lahtolista-14.6.-Salo-1-ja-2-luokka-Taulukko2.pdf\" target=\"_blank\" rel=\"noopener\"><strong>Pe 14.6. Salo, Katja Suominen, 1- ja 2-luokka<\/strong><\/a>\r\n<ul>\r\n\t<li>Tulokset <a href=\"https:\/\/www.spky.fi\/wopr\/wp-content\/uploads\/2024\/06\/14.6.2024-Salo-1-luokka.jpg\" target=\"_blank\" rel=\"noopener\">1 luokka<\/a> ja <a href=\"https:\/\/www.spky.fi\/wopr\/wp-content\/uploads\/2024\/06\/14.6.2024-Salo-2-luokka.jpg\" target=\"_blank\" rel=\"noopener\">2 luokka<\/a><\/li>\r\n<\/ul>\r\n<\/li>\r\n\t<li><a href=\"https:\/\/www.spky.fi\/wopr\/wp-content\/uploads\/2024\/06\/Lahtolista-15.-16.6.2024-Salo-3-luokka-la-15.6.pdf\" target=\"_blank\" rel=\"noopener\"><strong>La 15.6. Salo, Katja Suominen, 3-luokka<\/strong><\/a>\r\n<ul>\r\n\t<li>Tulokset<a href=\"https:\/\/www.spky.fi\/wopr\/wp-content\/uploads\/2024\/06\/Salo-15.6.2024-3-luokka-ap.jpg\" target=\"_blank\" rel=\"noopener\"> 3 luokka aamup\u00e4iv\u00e4<\/a> ja <a href=\"https:\/\/www.spky.fi\/wopr\/wp-content\/uploads\/2024\/06\/Salo-15.6.2024-3-luokka-ip.jpg\" target=\"_blank\" rel=\"noopener\">iltap\u00e4iv\u00e4<\/a><\/li>\r\n<\/ul>\r\n<\/li>\r\n\t<li><a href=\"https:\/\/www.spky.fi\/wopr\/wp-content\/uploads\/2024\/06\/Lahtolista-15.-16.6.2024-Salo-3-luokka-su-16.6.pdf\" target=\"_blank\" rel=\"noopener\"><strong>Su 16.6. Salo, Katja Suominen, 3-luokka<\/strong><\/a>\r\n<ul>\r\n\t<li>Tulokset <a href=\"https:\/\/www.spky.fi\/wopr\/wp-content\/uploads\/2024\/06\/Salo-16.6.2024-3-lk-aamup.jpg\" target=\"_blank\" rel=\"noopener\">3 luokka aamup\u00e4iv\u00e4<\/a> ja <a href=\"https:\/\/www.spky.fi\/wopr\/wp-content\/uploads\/2024\/06\/Salo-16.6.2024-3-lk-iltap.jpg\" target=\"_blank\" rel=\"noopener\">iltap\u00e4iv\u00e4<\/a><\/li>\r\n<\/ul>\r\n<\/li>\r\n\t<li><a href=\"https:\/\/www.spky.fi\/wopr\/wp-content\/uploads\/2024\/06\/Lahtolista-5.7.2024-Salo-1-ja-2-luokka-pe-5.7.-.pdf\" target=\"_blank\" rel=\"noopener\"><strong>Pe 5.7. Salo, Katja Suominen, 1- ja 2-luokka<\/strong><\/a>\r\n<ul>\r\n\t<li>Tulokset <a href=\"https:\/\/www.spky.fi\/wopr\/wp-content\/uploads\/2024\/07\/Salo-pe-5.7.2024-1-luokka.jpg\" target=\"_blank\" rel=\"noopener\">1-luokka<\/a> ja <a href=\"https:\/\/www.spky.fi\/wopr\/wp-content\/uploads\/2024\/07\/Salo-pe-5.7.2024-2-luokka.jpg\" target=\"_blank\" rel=\"noopener\">2-luokka<\/a><\/li>\r\n<\/ul>\r\n<\/li>\r\n\t<li><a href=\"https:\/\/www.spky.fi\/wopr\/wp-content\/uploads\/2024\/07\/Lahtolista-6.-7.7.2024-Salo-3-luokka-la-6.7.pdf\" target=\"_blank\" rel=\"noopener\"><strong>La 6.7. Salo, Katja Suominen, 3-luokka<\/strong><\/a>\r\n<ul>\r\n\t<li>Tulokset <a href=\"https:\/\/www.spky.fi\/wopr\/wp-content\/uploads\/2024\/07\/Salo-la-6.7.2024-3-luokka-1-lahto.jpg\" target=\"_blank\" rel=\"noopener\">1 l\u00e4ht\u00f6<\/a> ja<a href=\"https:\/\/www.spky.fi\/wopr\/wp-content\/uploads\/2024\/07\/Salo-la-6.7.2024-3-luokka-2-lahto.jpg\" target=\"_blank\" rel=\"noopener\"> 2 l\u00e4ht\u00f6<\/a><\/li>\r\n<\/ul>\r\n<\/li>\r\n\t<li><a href=\"https:\/\/www.spky.fi\/wopr\/wp-content\/uploads\/2024\/07\/Lahtolista-6.-7.7.2024-Salo-3-luokka-su-7.7.pdf\" target=\"_blank\" rel=\"noopener\"><strong>Su 7.7. Salo, Katja Suominen, 3-luokka<\/strong><\/a>\r\n<ul>\r\n\t<li><a href=\"https:\/\/www.spky.fi\/wopr\/wp-content\/uploads\/2024\/07\/Salo-su-7.7.2024-3luokka.jpg\" target=\"_blank\" rel=\"noopener\">Tulokset 3 luokka<\/a><\/li>\r\n<\/ul>\r\n<\/li>\r\n\t<li><a href=\"https:\/\/www.spky.fi\/wopr\/wp-content\/uploads\/2024\/06\/Lahtolista-la-su-6.-7.7.2024-Simpele-la-6.7.pdf\" target=\"_blank\" rel=\"noopener\"><strong>La 6.7. Simpele, Hanna Repo, 1- ja 2-luokka<\/strong><\/a>\r\n<ul>\r\n\t<li>Tulokset <a href=\"https:\/\/www.spky.fi\/wopr\/wp-content\/uploads\/2024\/07\/Simpele-la-6.7.2024-1-luokka.jpg\" target=\"_blank\" rel=\"noopener\">1-luokka<\/a> ja <a href=\"https:\/\/www.spky.fi\/wopr\/wp-content\/uploads\/2024\/07\/Simpele-la-6.7.2024-2-luokka.jpg\" target=\"_blank\" rel=\"noopener\">2-luokka<\/a><\/li>\r\n<\/ul>\r\n<\/li>\r\n\t<li><a href=\"https:\/\/www.spky.fi\/wopr\/wp-content\/uploads\/2024\/06\/Lahtolista-la-su-6.-7.7.2024-Simpele-su-7.7.pdf\" target=\"_blank\" rel=\"noopener\"><strong>Su 7.7. Simpele, Hanna Repo, 1- ja 2-luokka<\/strong><\/a>\r\n<ul>\r\n\t<li>Tulokset <a href=\"https:\/\/www.spky.fi\/wopr\/wp-content\/uploads\/2024\/07\/Simpele-su-7.7.2024-1-luokka.jpg\" target=\"_blank\" rel=\"noopener\">1-luokka<\/a> ja <a href=\"https:\/\/www.spky.fi\/wopr\/wp-content\/uploads\/2024\/07\/Simpele-su-7.7.2024-2-luokka.jpg\" target=\"_blank\" rel=\"noopener\">2-luokka<\/a><\/li>\r\n<\/ul>\r\n<\/li>\r\n\t<li><a href=\"https:\/\/www.spky.fi\/wopr\/wp-content\/uploads\/2024\/07\/Lahtolista-Somero-20.-21.7.-2024-3-ja-2-luokka-la-20.7.pdf\" target=\"_blank\" rel=\"noopener\"><strong>La\u00a0 20.7. Somero, Elisa ja Kari Kotikoski, 2- ja 3-luokka<\/strong><\/a>\r\n<ul>\r\n\t<li>Tulokset <a href=\"https:\/\/www.spky.fi\/wopr\/wp-content\/uploads\/2024\/07\/Somero-20.7.-2luokka.jpg\" target=\"_blank\" rel=\"noopener\">2-luokka<\/a> ja <a href=\"https:\/\/www.spky.fi\/wopr\/wp-content\/uploads\/2024\/07\/Somero-20.7.-3luokka.jpg\" target=\"_blank\" rel=\"noopener\">3-luokka<\/a><\/li>\r\n<\/ul>\r\n<\/li>\r\n\t<li><a href=\"https:\/\/www.spky.fi\/wopr\/wp-content\/uploads\/2024\/07\/Lahtolista-Somero-20.-21.7.-2024-3-ja-2-luokka-su-21.7.pdf\" target=\"_blank\" rel=\"noopener\"><strong>Su 21.7. Somero, Elisa ja Kari Kotikoski, 2- ja 3-luokka<\/strong><\/a>\r\n<ul>\r\n\t<li>Tulokset <a href=\"https:\/\/www.spky.fi\/wopr\/wp-content\/uploads\/2024\/07\/Somero-21.7.-2luokka.jpg\" target=\"_blank\" rel=\"noopener\">2-luokka<\/a> ja <a href=\"https:\/\/www.spky.fi\/wopr\/wp-content\/uploads\/2024\/07\/Somero-21.7.-3luokka.jpg\" target=\"_blank\" rel=\"noopener\">3-luokka<\/a><\/li>\r\n<\/ul>\r\n<\/li>\r\n\t<li><a href=\"https:\/\/www.spky.fi\/wopr\/wp-content\/uploads\/2024\/07\/Lahtolista-Isnas-26.-27.7.-2024-3-luokka-pe-26.7.pdf\" target=\"_blank\" rel=\"noopener\"><strong>Pe 26.7. Loviisa Open, Isn\u00e4s, Anja Lehti\u00f6, 3-luokka<\/strong><\/a>\r\n<ul>\r\n\t<li>Tulokset <a href=\"https:\/\/www.spky.fi\/wopr\/wp-content\/uploads\/2024\/07\/Isnas-26.7.3luoka1lahto.jpg\" target=\"_blank\" rel=\"noopener\">1. l\u00e4ht\u00f6<\/a> ja <a href=\"https:\/\/www.spky.fi\/wopr\/wp-content\/uploads\/2024\/07\/Isnas-26.7.-3luokka-2-lahto.jpg\" target=\"_blank\" rel=\"noopener\">2. l\u00e4ht\u00f6<\/a><\/li>\r\n<\/ul>\r\n<\/li>\r\n\t<li><a href=\"https:\/\/www.spky.fi\/wopr\/wp-content\/uploads\/2024\/07\/Lahtolista-Isnas-26.-27.7.-2024-3-luokka-la-27.7.pdf\" target=\"_blank\" rel=\"noopener\"><strong>La 27.7. Loviisa Open, Isn\u00e4s, Anja Lehti\u00f6, 3-luokka<\/strong><\/a>\r\n<ul>\r\n\t<li>Tulokset <a href=\"https:\/\/www.spky.fi\/wopr\/wp-content\/uploads\/2024\/07\/Isnas-27.7.-3-luokka-1lahto.jpg\" target=\"_blank\" rel=\"noopener\">1. l\u00e4ht\u00f6<\/a> ja <a href=\"https:\/\/www.spky.fi\/wopr\/wp-content\/uploads\/2024\/07\/Isnas-27.7.3luokka-2lahto.jpg\" target=\"_blank\" rel=\"noopener\">2. l\u00e4ht\u00f6<\/a><\/li>\r\n<\/ul>\r\n<\/li>\r\n\t<li><a href=\"https:\/\/www.spky.fi\/wopr\/wp-content\/uploads\/2024\/07\/Lahtolista-Loviisa-28.-29.7.-2024-3-luokka-su-28.7.pdf\" target=\"_blank\" rel=\"noopener\"><strong>Su 28.7. Loviisa Open, Leena Jussila, 3-luokka<\/strong><\/a>\r\n<ul>\r\n\t<li>Tulokset <a href=\"https:\/\/www.spky.fi\/wopr\/wp-content\/uploads\/2024\/07\/Ruotsinpyhtaa-28.7.3luokka-1-16.jpg\" target=\"_blank\" rel=\"noopener\">nrot 1-16<\/a> ja <a href=\"https:\/\/www.spky.fi\/wopr\/wp-content\/uploads\/2024\/07\/Ruotsinpyhtaa-28.7.-3luokka17-29.jpg\" target=\"_blank\" rel=\"noopener\">nrot 17-29<\/a> sek\u00e4 <a href=\"https:\/\/www.spky.fi\/wopr\/wp-content\/uploads\/2024\/07\/Ruotsinpyhtaa-28.7.-3luokka-2-ja-24.jpg\" target=\"_blank\" rel=\"noopener\">nrot 2 ja 24<\/a><\/li>\r\n<\/ul>\r\n<\/li>\r\n\t<li><a href=\"https:\/\/www.spky.fi\/wopr\/wp-content\/uploads\/2024\/07\/Lahtolista-Loviisa-28.-29.7.-2024-3-luokka-ma-29.7.-.pdf\" target=\"_blank\" rel=\"noopener\"><strong>Ma 29.7. Loviisa Open, Leena Jussila, 3-luokka<\/strong><\/a>\r\n<ul>\r\n\t<li>Tulokset <a href=\"https:\/\/www.spky.fi\/wopr\/wp-content\/uploads\/2024\/08\/Loviisa-29.7.-3luokka-1-17.jpg\" target=\"_blank\" rel=\"noopener\">nrot 1-17<\/a> ja <a href=\"https:\/\/www.spky.fi\/wopr\/wp-content\/uploads\/2024\/08\/Loviisa-29.7.-3luokka18-30.jpg\" target=\"_blank\" rel=\"noopener\">nrot 18-30<\/a><\/li>\r\n<\/ul>\r\n<\/li>\r\n\t<li><a href=\"https:\/\/www.spky.fi\/wopr\/wp-content\/uploads\/2024\/08\/Lahtolista-Siuntio-4.8.-1-ja-2-luokka-Taulukko1.pdf\" target=\"_blank\" rel=\"noopener\"><strong>Su 4.8. Siuntio, Tiia Gr\u00f6nholm ja Samuli Launiainen, 1- ja 2-luokka<\/strong><\/a>\r\n<ul>\r\n\t<li>Tulokset <a href=\"https:\/\/www.spky.fi\/wopr\/wp-content\/uploads\/2024\/08\/Siuntio-4.8.2024-1luokka.jpg\" target=\"_blank\" rel=\"noopener\">1-luokka<\/a> ja <a href=\"https:\/\/www.spky.fi\/wopr\/wp-content\/uploads\/2024\/08\/Siuntio-4.8.2024-2luokka.jpg\" target=\"_blank\" rel=\"noopener\">2-luokka<\/a><\/li>\r\n<\/ul>\r\n<\/li>\r\n\t<li><strong><a href=\"https:\/\/www.spky.fi\/wopr\/nordic-sheepdog-championship-2024\/\">Pe-su 9.-11.8.2024 PM-kilpailut Halikko, Suomi<\/a><br \/>\r\n<\/strong>\r\n<ul>\r\n\t<li>Tulokset kilpailun omilla sivuilla<\/li>\r\n<\/ul>\r\n<\/li>\r\n\t<li><a href=\"https:\/\/www.spky.fi\/wopr\/wp-content\/uploads\/2024\/08\/Lahtolista-Kiikala-17.-18.8.2024-3-luokka-la-17.8.-1.pdf\" target=\"_blank\" rel=\"noopener\"><strong>La 17.8. Kiikala, P\u00e4ivi Nietosvaara, 3-luokka<\/strong><\/a>\r\n<ul>\r\n\t<li><a href=\"https:\/\/www.spky.fi\/wopr\/wp-content\/uploads\/2024\/08\/Kiikala-17.8.2024-1-16.jpg\" target=\"_blank\" rel=\"noopener\">Tulokset 1-16,<\/a> <a href=\"https:\/\/www.spky.fi\/wopr\/wp-content\/uploads\/2024\/08\/Kiikala-17.8.2024-17-26.jpg\" target=\"_blank\" rel=\"noopener\">17-26<\/a> ja <a href=\"https:\/\/www.spky.fi\/wopr\/wp-content\/uploads\/2024\/08\/Kiikala-17.8.2024-varakoirat.jpg\" target=\"_blank\" rel=\"noopener\">varakoirat<\/a><\/li>\r\n<\/ul>\r\n<\/li>\r\n\t<li><a href=\"https:\/\/www.spky.fi\/wopr\/wp-content\/uploads\/2024\/08\/Lahtolista-Kiikala-17.-18.8.2024-3-luokka-su-18.8.-1.pdf\" target=\"_blank\" rel=\"noopener\"><strong>Su 18.8. Kiikala, P\u00e4ivi Nietosvaara, 3-luokka<\/strong><\/a>\r\n<ul>\r\n\t<li><a href=\"https:\/\/www.spky.fi\/wopr\/wp-content\/uploads\/2024\/08\/Kiikala-18.8.2024-1-lahto.jpg\" target=\"_blank\" rel=\"noopener\">Tulokset 1. l\u00e4ht\u00f6<\/a> ja <a href=\"https:\/\/www.spky.fi\/wopr\/wp-content\/uploads\/2024\/08\/Kiikala-18.8.2024-2-lahto.jpg\" target=\"_blank\" rel=\"noopener\">2. l\u00e4ht\u00f6<\/a><\/li>\r\n<\/ul>\r\n<\/li>\r\n\t<li><a href=\"https:\/\/www.spky.fi\/wopr\/wp-content\/uploads\/2024\/08\/Lahtolista-30.8.-1.9.-2024-Posio-pe-30.8.-1.pdf\" target=\"_blank\" rel=\"noopener\"><strong>Pe 30.8. Posio, Mari Paju<\/strong><\/a>\r\n<ul>\r\n\t<li><a href=\"https:\/\/www.spky.fi\/wopr\/wp-content\/uploads\/2024\/08\/Posio-1luokka-30.8.2024.jpg\" target=\"_blank\" rel=\"noopener\">Tulokset 1-luokka,<\/a> <a href=\"https:\/\/www.spky.fi\/wopr\/wp-content\/uploads\/2024\/08\/Posio-30.8.2024-2luokka.jpg\" target=\"_blank\" rel=\"noopener\">2-luokka<\/a> ja <a href=\"https:\/\/www.spky.fi\/wopr\/wp-content\/uploads\/2024\/08\/Posio-30.8.2024-3luokka.jpg\" target=\"_blank\" rel=\"noopener\">3-luokka<\/a><\/li>\r\n<\/ul>\r\n<\/li>\r\n\t<li><a href=\"https:\/\/www.spky.fi\/wopr\/wp-content\/uploads\/2024\/08\/Lahtolista-30.8.-1.9.-2024-Posio-la-31.8.-1.pdf\" target=\"_blank\" rel=\"noopener\"><strong>La 31.8. Posio, Mari Paju<\/strong><\/a>\r\n<ul>\r\n\t<li><a href=\"https:\/\/www.spky.fi\/wopr\/wp-content\/uploads\/2024\/08\/Posio-31.8.2024-1luokka.jpg\" target=\"_blank\" rel=\"noopener\">Tulokset 1-luokka<\/a>, <a href=\"https:\/\/www.spky.fi\/wopr\/wp-content\/uploads\/2024\/08\/Posio-31.8.2024-2luokka.jpg\" target=\"_blank\" rel=\"noopener\">2-luokka<\/a> ja <a href=\"https:\/\/www.spky.fi\/wopr\/wp-content\/uploads\/2024\/08\/Posio-31.8.2024-3luokka.jpg\" target=\"_blank\" rel=\"noopener\">3-luokka<\/a><\/li>\r\n<\/ul>\r\n<\/li>\r\n\t<li><a href=\"https:\/\/www.spky.fi\/wopr\/wp-content\/uploads\/2024\/08\/Lahtolista-30.8.-1.9.-2024-Posio-su-1.9.-1.pdf\" target=\"_blank\" rel=\"noopener\"><strong>Su 1.9. Posio, Mari Paju<\/strong><\/a>\r\n<ul>\r\n\t<li><a href=\"https:\/\/www.spky.fi\/wopr\/wp-content\/uploads\/2024\/09\/Posio-1.9.2024-1luokka.jpg\" target=\"_blank\" rel=\"noopener\">Tulokset 1-luokka<\/a>, <a href=\"https:\/\/www.spky.fi\/wopr\/wp-content\/uploads\/2024\/09\/Posio-1.9.2024-2luokka.jpg\" target=\"_blank\" rel=\"noopener\">2-luokka<\/a> ja <a href=\"https:\/\/www.spky.fi\/wopr\/wp-content\/uploads\/2024\/09\/Posio-1.9.2024-3luokka.jpg\" target=\"_blank\" rel=\"noopener\">3-luokka<\/a><\/li>\r\n<\/ul>\r\n<\/li>\r\n\t<li><strong><a href=\"https:\/\/www.spky.fi\/wopr\/wp-content\/uploads\/2024\/09\/Lahtolista-6.-7.9.2024-Elimaki-pe-6.9.-.pdf\" target=\"_blank\" rel=\"noopener\">Pe 6.9. Elim\u00e4ki, Nilla Salonen, 1- ja 2-luokka<\/a><\/strong>\r\n<ul>\r\n\t<li><a href=\"https:\/\/www.spky.fi\/wopr\/wp-content\/uploads\/2024\/09\/Porvoo-6.9.2024-1luokka.jpg\" target=\"_blank\" rel=\"noopener\">Tulokset 1-luokka<\/a> ja <a href=\"https:\/\/www.spky.fi\/wopr\/wp-content\/uploads\/2024\/09\/Porvoo-6.9.2024-2-luokka.jpg\" target=\"_blank\" rel=\"noopener\">2-luokka<\/a><\/li>\r\n<\/ul>\r\n<\/li>\r\n\t<li><strong><a href=\"https:\/\/www.spky.fi\/wopr\/wp-content\/uploads\/2024\/09\/Lahtolista-6.-7.9.2024-Elimaki-la-7.9.-.pdf\" target=\"_blank\" rel=\"noopener\">La 7.9. Elim\u00e4ki, Nilla Salonen, 2- ja 3-luokka<\/a><\/strong>\r\n<ul>\r\n\t<li><a href=\"https:\/\/www.spky.fi\/wopr\/wp-content\/uploads\/2024\/09\/Porvoo-7.9.2024-2-luokka.jpg\" target=\"_blank\" rel=\"noopener\">Tulokset 2-luokka<\/a> ja <a href=\"https:\/\/www.spky.fi\/wopr\/wp-content\/uploads\/2024\/09\/Porvoo-7.9.2024-3luokka.jpg\" target=\"_blank\" rel=\"noopener\">3-luokka<\/a><\/li>\r\n<\/ul>\r\n<\/li>\r\n\t<li>\u00a0<a href=\"https:\/\/www.spky.fi\/wopr\/wp-content\/uploads\/2024\/09\/Lahtolista-13.9.2024-Nilsia-Nautakisat-Taulukko1.pdf\" target=\"_blank\" rel=\"noopener\"><strong>Pe 13.9. Nautakisat, Nilsi\u00e4, Eija Huusko. 1-ja 2-luokka<\/strong><\/a>\r\n<ul>\r\n\t<li><a href=\"https:\/\/www.spky.fi\/wopr\/wp-content\/uploads\/2024\/09\/Nilsia-13.9.2024-Nauta-1luokka-2-scaled.jpg\" target=\"_blank\" rel=\"noopener\">Tulokset 1-luokka<\/a> ja <a href=\"https:\/\/www.spky.fi\/wopr\/wp-content\/uploads\/2024\/09\/Nilsia-13.9.2024-Nauta-2luokka.jpg\" target=\"_blank\" rel=\"noopener\">2-luokka<\/a><\/li>\r\n<\/ul>\r\n<\/li>\r\n\t<li><a href=\"https:\/\/www.spky.fi\/wopr\/wp-content\/uploads\/2024\/09\/Lahtolista-14.-15.9.-2024-Loviisa-1-ja-2-luokka-la-14.9.pdf\" target=\"_blank\" rel=\"noopener\"><strong>La 14.9. Loviisa, Leena Jussila, 1-ja 2-luokka<\/strong><\/a>\r\n<ul>\r\n\t<li><a href=\"https:\/\/www.spky.fi\/wopr\/wp-content\/uploads\/2024\/09\/Loviisa-14.9.2024-1luokka.jpg\" target=\"_blank\" rel=\"noopener\">Tulokset 1-luokka<\/a> ja <a href=\"https:\/\/www.spky.fi\/wopr\/wp-content\/uploads\/2024\/09\/Loviisa-14.9.2024-2luokka.jpg\" target=\"_blank\" rel=\"noopener\">2-luokka<\/a><\/li>\r\n<\/ul>\r\n<\/li>\r\n\t<li><a href=\"https:\/\/www.spky.fi\/wopr\/wp-content\/uploads\/2024\/09\/Lahtolista-14.-15.9.-2024-Loviisa-1-ja-2-luokka-su-15.9.pdf\" target=\"_blank\" rel=\"noopener\"><strong>Su 15.9. Loviisa, Leena Jussila, 1-ja 2-luokka<\/strong><\/a>\r\n<ul>\r\n\t<li><a href=\"https:\/\/www.spky.fi\/wopr\/wp-content\/uploads\/2024\/09\/Loviisa-15.9.2024-1luokka.jpg\" target=\"_blank\" rel=\"noopener\">Tulokset 1-luokka<\/a> ja <a href=\"https:\/\/www.spky.fi\/wopr\/wp-content\/uploads\/2024\/09\/Loviisa-15.9.2024-2luokka.jpg\" target=\"_blank\" rel=\"noopener\">2-luokka<\/a><\/li>\r\n<\/ul>\r\n<\/li>\r\n\t<li><a href=\"https:\/\/www.spky.fi\/wopr\/wp-content\/uploads\/2024\/09\/Lahtolista-21.-22.9.2024-Rantasalmi-Maajoukkueen-karsintakilpailut-la-21.9.pdf\" target=\"_blank\" rel=\"noopener\"><strong>La 21.9. Maajoukkueen karsintakilpailut, Rantasalmi, Putkisalo.<\/strong><\/a>\r\n<ul>\r\n\t<li><a href=\"https:\/\/www.spky.fi\/wopr\/wp-content\/uploads\/2024\/09\/Putkisalo-21.9.2024-1-18.jpg\" target=\"_blank\" rel=\"noopener\">Tulokset 1-18<\/a> ja <a href=\"https:\/\/www.spky.fi\/wopr\/wp-content\/uploads\/2024\/09\/Putkisalo-21.9.2024-19-35.jpg\" target=\"_blank\" rel=\"noopener\">19-35<\/a><\/li>\r\n<\/ul>\r\n<\/li>\r\n\t<li><a href=\"https:\/\/www.spky.fi\/wopr\/wp-content\/uploads\/2024\/09\/Lahtolista-21.-22.9.2024-Rantasalmi-Maajoukkueen-karsintakilpailut-su-22.9.-.pdf\" target=\"_blank\" rel=\"noopener\"><strong>Su 22.9. Maajoukkueen karsintakilpailut, Rantasalmi, Putkisalo.<\/strong><\/a>\r\n<ul>\r\n\t<li><a href=\"https:\/\/www.spky.fi\/wopr\/wp-content\/uploads\/2024\/09\/Putkisalo-22.9.2024-1-18.jpg\" target=\"_blank\" rel=\"noopener\">Tulokset 1-18<\/a> ja <a href=\"https:\/\/www.spky.fi\/wopr\/wp-content\/uploads\/2024\/09\/Putkisalo-22.9.2024-19-35.jpg\" target=\"_blank\" rel=\"noopener\">19-35<\/a><\/li>\r\n<\/ul>\r\n<\/li>\r\n\t<li><a href=\"https:\/\/www.facebook.com\/profile.php?id=61555722699750\" target=\"_blank\" rel=\"noopener\"><strong>Pe-su 27.-29.9. Nauta EM-kilpailut, Vovray-en-bornes, Ranska<\/strong><\/a>\r\n<ul>\r\n\t<li><a href=\"https:\/\/www.spky.fi\/wopr\/wp-content\/uploads\/2024\/09\/Nauta-EM-pe-27092024.jpg\" target=\"_blank\" rel=\"noopener\">Tulokset perjantai<\/a>, <a href=\"https:\/\/www.spky.fi\/wopr\/wp-content\/uploads\/2024\/10\/Nauta-EM-2-karsinta.jpg\" target=\"_blank\" rel=\"noopener\">lauantai<\/a> ja <a href=\"https:\/\/www.spky.fi\/wopr\/wp-content\/uploads\/2024\/10\/Nauta-EM-Finaali.jpg\" target=\"_blank\" rel=\"noopener\">sunnuntain finaali<\/a><\/li>\r\n<\/ul>\r\n<\/li>\r\n\t<li><a href=\"https:\/\/www.spky.fi\/wopr\/wp-content\/uploads\/2024\/09\/Lahtolista-28.9.2024-Narpio_Narpes-2-luokan-mestaruuskisat-Taulukko1.pdf\" target=\"_blank\" rel=\"noopener\"><strong>La 28.9.\u00a0 2-luokan mestaruuskisat, N\u00e4rpi\u00f6<\/strong><\/a>\r\n<ul>\r\n\t<li><a href=\"https:\/\/www.spky.fi\/wopr\/wp-content\/uploads\/2024\/10\/Narpion-Nuorten-mestaruus-2-lahto.jpg\" target=\"_blank\" rel=\"noopener\">Tulokset 1. l\u00e4ht\u00f6<\/a> ja <a href=\"https:\/\/www.spky.fi\/wopr\/wp-content\/uploads\/2024\/10\/Narpion-Nuorten-mestaruus-1-lahto.jpg\" target=\"_blank\" rel=\"noopener\">2. l\u00e4ht\u00f6<\/a> ja <a href=\"https:\/\/www.spky.fi\/wopr\/wp-content\/uploads\/2024\/10\/Narpio-Nuorten-mestaruus-lopputulos.jpg\" target=\"_blank\" rel=\"noopener\">lopputulos<\/a><\/li>\r\n<\/ul>\r\n<\/li>\r\n\t<li><a href=\"https:\/\/www.spky.fi\/wopr\/wp-content\/uploads\/2024\/10\/Lahtolista-SM-4.-6.10.2024-Salo-pe-4.10.pdf\" target=\"_blank\" rel=\"noopener\"><strong>Pe 4.10. SM-kilpailut, Salo, Katja Suominen<\/strong><\/a>\r\n<ul>\r\n\t<li><a href=\"https:\/\/www.spky.fi\/wopr\/wp-content\/uploads\/2024\/10\/SM-Salo-pe-tulokset.pdf\" target=\"_blank\" rel=\"noopener\">Tulokset perjantai<\/a><\/li>\r\n<\/ul>\r\n<\/li>\r\n\t<li><a href=\"https:\/\/www.spky.fi\/wopr\/wp-content\/uploads\/2024\/10\/Lahtolista-SM-4.-6.10.2024-Salo-la-5.10.pdf\" target=\"_blank\" rel=\"noopener\"><strong>La 5.10. SM-kilpailut, Salo, Katja Suominen<\/strong><\/a>\r\n<ul>\r\n\t<li><a href=\"https:\/\/www.spky.fi\/wopr\/wp-content\/uploads\/2024\/10\/SM-Salo-la-tulokset.pdf\" target=\"_blank\" rel=\"noopener\">Tulokset lauantai<\/a><\/li>\r\n<\/ul>\r\n<\/li>\r\n\t<li><a href=\"https:\/\/docs.google.com\/spreadsheets\/d\/1Qi6w5NWzC0iav8KzP3XkR_RCPFtKHdixoKBH7qXUa5o\/edit?pli=1&amp;gid=0#gid=0\" target=\"_blank\" rel=\"noopener\"><strong>Su 6.10. SM-kilpailut, Salo, Katja Suominen<\/strong><\/a>\r\n<ul>\r\n\t<li><a href=\"https:\/\/docs.google.com\/spreadsheets\/d\/1Qi6w5NWzC0iav8KzP3XkR_RCPFtKHdixoKBH7qXUa5o\/edit?pli=1&amp;gid=0#gid=0\" target=\"_blank\" rel=\"noopener\">Kaikkien p\u00e4ivien l\u00e4ht\u00f6listat ja tulokset<\/a><\/li>\r\n\t<li><a href=\"https:\/\/www.spky.fi\/wopr\/wp-content\/uploads\/2024\/10\/Finaalin-lahtolista.pdf\" target=\"_blank\" rel=\"noopener\">Finaalin l\u00e4ht\u00f6lista (pdf)<\/a><\/li>\r\n<\/ul>\r\n<\/li>\r\n\t<li><strong><a href=\"https:\/\/docs.google.com\/spreadsheets\/d\/1ljr5pnRMWQEuzN_NdaLgvB-fu5c3257NFCmR0EgCnVY\/edit?gid=0#gid=0\" target=\"_blank\" rel=\"noopener\">Pe 11.10. Nautamestaruus Juva\/Mikkeli <\/a><\/strong>\r\n<ul>\r\n\t<li><a href=\"https:\/\/docs.google.com\/spreadsheets\/d\/1ljr5pnRMWQEuzN_NdaLgvB-fu5c3257NFCmR0EgCnVY\/edit?gid=0#gid=0\" target=\"_blank\" rel=\"noopener\">Kaikkien p\u00e4ivien online-listat ja tulokset<\/a><\/li>\r\n\t<li><a href=\"https:\/\/www.spky.fi\/wopr\/wp-content\/uploads\/2024\/10\/Nautamestaruus-11.-13.10.2024-Juva-ja-Mikkeli-pe-11.10.pdf\" target=\"_blank\" rel=\"noopener\">Perjantain l\u00e4ht\u00f6listat (pdf)<\/a><\/li>\r\n<\/ul>\r\n<\/li>\r\n\t<li><strong><a href=\"https:\/\/www.spky.fi\/wopr\/wp-content\/uploads\/2024\/10\/Nautamestaruus-11.-13.10.2024-Juva-ja-Mikkeli-la-12.10.-.pdf\" target=\"_blank\" rel=\"noopener\">La 12.10. Nautamestaruus Juva\/Mikkeli (pdf)<\/a><\/strong><\/li>\r\n\t<li><strong><a href=\"https:\/\/docs.google.com\/spreadsheets\/d\/1ljr5pnRMWQEuzN_NdaLgvB-fu5c3257NFCmR0EgCnVY\/edit?gid=0#gid=0\" target=\"_blank\" rel=\"noopener\">Su 13.10. Nautamestaruus Juva\/Mikkeli <\/a><\/strong>\r\n<ul>\r\n\t<li><a href=\"https:\/\/docs.google.com\/spreadsheets\/d\/1ljr5pnRMWQEuzN_NdaLgvB-fu5c3257NFCmR0EgCnVY\/edit?gid=0#gid=0\" target=\"_blank\" rel=\"noopener\">L\u00e4ht\u00f6listat ja online-tulokset<\/a><\/li>\r\n\t<li><a href=\"https:\/\/www.spky.fi\/wopr\/wp-content\/uploads\/2024\/10\/Nautamestaruus-2024-Finaali.jpg\" target=\"_blank\" rel=\"noopener\">Finaalin tulokset (pdf)<\/a><\/li>\r\n<\/ul>\r\n<\/li>\r\n\t<li><a href=\"https:\/\/www.spky.fi\/wopr\/wp-content\/uploads\/2024\/10\/Lahtolista-Nauta-1luokka-13.10.2024.pdf\" target=\"_blank\" rel=\"noopener\"><strong>Su 13.10. Nautakisat, Mikkeli, Matti Tuhkalainen ja Ann-Mari Lintunen, 1-luokka.<\/strong><\/a>\r\n<ul>\r\n\t<li><a href=\"https:\/\/www.spky.fi\/wopr\/wp-content\/uploads\/2024\/10\/Nauta-1luokka-13.10.2024-Mikkeli.jpg\" target=\"_blank\" rel=\"noopener\">Tulokset<\/a><\/li>\r\n<\/ul>\r\n<\/li>\r\n\t<li><a href=\"https:\/\/www.spky.fi\/wopr\/wp-content\/uploads\/2024\/10\/Lahtolista-19.-20.10.2024-Tammisaari-Nursery-seka-1-2-ja-3-luokka-la-19.10.pdf\" target=\"_blank\" rel=\"noopener\"><strong>La 19.10. Suomi Nursery ja 3-luokka, Tammisaari<\/strong><\/a>\r\n<ul>\r\n\t<li><a href=\"https:\/\/www.spky.fi\/wopr\/wp-content\/uploads\/2024\/10\/Nursery-1lahto.jpg\" target=\"_blank\" rel=\"noopener\">Tulokset Nurseryn 1. l\u00e4ht\u00f6<\/a> ja <a href=\"https:\/\/www.spky.fi\/wopr\/wp-content\/uploads\/2024\/10\/Tammisaari-19.10.-3luokka.jpg\" target=\"_blank\" rel=\"noopener\">3-luokka<\/a><\/li>\r\n<\/ul>\r\n<\/li>\r\n\t<li><a href=\"https:\/\/www.spky.fi\/wopr\/wp-content\/uploads\/2024\/10\/Lahtolista-19.-20.10.2024-Tammisaari-Nursery-seka-1-2-ja-3-luokka-su-20.10.pdf\" target=\"_blank\" rel=\"noopener\"><strong>Su 20.10. Suomi Nursery, Tammisaari<\/strong><\/a>\r\n<ul>\r\n\t<li>Tulokset <a href=\"https:\/\/www.spky.fi\/wopr\/wp-content\/uploads\/2024\/10\/Nursery-2lahto-20.10.jpg\" target=\"_blank\" rel=\"noopener\">Nursery 2. l\u00e4ht\u00f6<\/a> ja <a href=\"https:\/\/www.spky.fi\/wopr\/wp-content\/uploads\/2024\/10\/Nursery-yhteistulos.jpg\" target=\"_blank\" rel=\"noopener\">Nurseryn yhteistulos<\/a><\/li>\r\n\t<li>Su 20.10. <a href=\"https:\/\/www.spky.fi\/wopr\/wp-content\/uploads\/2024\/10\/Tammisaari-20.10.-1luokka.jpg\" target=\"_blank\" rel=\"noopener\">tulokset 1-luokka<\/a> ja <a href=\"https:\/\/www.spky.fi\/wopr\/wp-content\/uploads\/2024\/10\/Tammisaari-20.10.-2luokka.jpg\" target=\"_blank\" rel=\"noopener\">2-luokka<\/a><\/li>\r\n<\/ul>\r\n<\/li>\r\n<\/ul>\r\n","protected":false},"excerpt":{"rendered":"<p>Tulokset julkaistaan kilpailun j\u00e4lkeen kuvana\u00a0SPKY:n Facebook-sivulla\u00a0 tai\u00a0SPKY:n Facebook-ryhm\u00e4ss\u00e4\u00a0sek\u00e4 my\u00f6hemmin t\u00e4ll\u00e4 sivulla.\u00a0 To 9.5. Halikko, Peppi Laine, 3-luokka Tulokset 1. l\u00e4ht\u00f6 ja 2. l\u00e4ht\u00f6 Pe 10.5. Halikko, Peppi Laine, 3-luokka Tulokset 1. l\u00e4ht\u00f6 ja 2. l\u00e4ht\u00f6 La 11.5. Halikko, Peppi Laine, 1- ja 2-luokka Tulokset 1-luokka ja 2-luokka La 18.5. Rantasalmi, Putkisalo, 3-luokka ja 2-luokka Tulokset &hellip; <a href=\"https:\/\/www.spky.fi\/wopr\/lahtolistat-ja-tulokset-2024\/\" class=\"more-link\">Jatka lukemista <span class=\"screen-reader-text\">L\u00e4ht\u00f6listat ja tulokset 2024<\/span> <span class=\"meta-nav\">&rarr;<\/span><\/a><\/p>\n","protected":false},"author":2,"featured_media":0,"parent":0,"menu_order":0,"comment_status":"closed","ping_status":"closed","template":"","meta":{"jetpack_post_was_ever_published":false,"footnotes":""},"class_list":["post-6147","page","type-page","status-publish","hentry"],"yoast_head":"<!-- This site is optimized with the Yoast SEO plugin v27.5 - https:\/\/yoast.com\/product\/yoast-seo-wordpress\/ -->\n<title>L\u00e4ht\u00f6listat ja tulokset 2024 - Suomen Paimenkoirayhdistys ry<\/title>\n<meta name=\"robots\" content=\"index, follow, max-snippet:-1, max-image-preview:large, max-video-preview:-1\" \/>\n<link rel=\"canonical\" href=\"https:\/\/www.spky.fi\/wopr\/lahtolistat-ja-tulokset-2024\/\" \/>\n<meta property=\"og:locale\" content=\"fi_FI\" \/>\n<meta property=\"og:type\" content=\"article\" \/>\n<meta property=\"og:title\" content=\"L\u00e4ht\u00f6listat ja tulokset 2024 - Suomen Paimenkoirayhdistys ry\" \/>\n<meta property=\"og:description\" content=\"Tulokset julkaistaan kilpailun j\u00e4lkeen kuvana\u00a0SPKY:n Facebook-sivulla\u00a0 tai\u00a0SPKY:n Facebook-ryhm\u00e4ss\u00e4\u00a0sek\u00e4 my\u00f6hemmin t\u00e4ll\u00e4 sivulla.\u00a0 To 9.5. Halikko, Peppi Laine, 3-luokka Tulokset 1. l\u00e4ht\u00f6 ja 2. l\u00e4ht\u00f6 Pe 10.5. Halikko, Peppi Laine, 3-luokka Tulokset 1. l\u00e4ht\u00f6 ja 2. l\u00e4ht\u00f6 La 11.5. Halikko, Peppi Laine, 1- ja 2-luokka Tulokset 1-luokka ja 2-luokka La 18.5. Rantasalmi, Putkisalo, 3-luokka ja 2-luokka Tulokset &hellip; Jatka lukemista L\u00e4ht\u00f6listat ja tulokset 2024 &rarr;\" \/>\n<meta property=\"og:url\" content=\"https:\/\/www.spky.fi\/wopr\/lahtolistat-ja-tulokset-2024\/\" \/>\n<meta property=\"og:site_name\" content=\"Suomen Paimenkoirayhdistys ry\" \/>\n<meta property=\"article:publisher\" content=\"https:\/\/www.facebook.com\/SuomenPaimenkoirayhdistys\" \/>\n<meta property=\"article:modified_time\" content=\"2025-04-06T06:41:55+00:00\" \/>\n<meta name=\"twitter:card\" content=\"summary_large_image\" \/>\n<meta name=\"twitter:label1\" content=\"Arvioitu lukuaika\" \/>\n\t<meta name=\"twitter:data1\" content=\"4 minuuttia\" \/>\n<script type=\"application\/ld+json\" class=\"yoast-schema-graph\">{\"@context\":\"https:\\\/\\\/schema.org\",\"@graph\":[{\"@type\":\"WebPage\",\"@id\":\"https:\\\/\\\/www.spky.fi\\\/wopr\\\/lahtolistat-ja-tulokset-2024\\\/\",\"url\":\"https:\\\/\\\/www.spky.fi\\\/wopr\\\/lahtolistat-ja-tulokset-2024\\\/\",\"name\":\"L\u00e4ht\u00f6listat ja tulokset 2024 - Suomen Paimenkoirayhdistys ry\",\"isPartOf\":{\"@id\":\"https:\\\/\\\/www.spky.fi\\\/wopr\\\/#website\"},\"datePublished\":\"2024-03-30T13:24:46+00:00\",\"dateModified\":\"2025-04-06T06:41:55+00:00\",\"breadcrumb\":{\"@id\":\"https:\\\/\\\/www.spky.fi\\\/wopr\\\/lahtolistat-ja-tulokset-2024\\\/#breadcrumb\"},\"inLanguage\":\"fi\",\"potentialAction\":[{\"@type\":\"ReadAction\",\"target\":[\"https:\\\/\\\/www.spky.fi\\\/wopr\\\/lahtolistat-ja-tulokset-2024\\\/\"]}]},{\"@type\":\"BreadcrumbList\",\"@id\":\"https:\\\/\\\/www.spky.fi\\\/wopr\\\/lahtolistat-ja-tulokset-2024\\\/#breadcrumb\",\"itemListElement\":[{\"@type\":\"ListItem\",\"position\":1,\"name\":\"Etusivu\",\"item\":\"https:\\\/\\\/www.spky.fi\\\/wopr\\\/\"},{\"@type\":\"ListItem\",\"position\":2,\"name\":\"L\u00e4ht\u00f6listat ja tulokset 2024\"}]},{\"@type\":\"WebSite\",\"@id\":\"https:\\\/\\\/www.spky.fi\\\/wopr\\\/#website\",\"url\":\"https:\\\/\\\/www.spky.fi\\\/wopr\\\/\",\"name\":\"Suomen Paimenkoirayhdistys ry\",\"description\":\"Suomen Paimenkoirayhdistys edist&auml;&auml; paimenkoirien ty&ouml;k&auml;ytt&ouml;&auml;. Yhdistys auttaa paimenkoirakurssien, harjoitusten, kilpailujen ja n&auml;yt&ouml;sten j&auml;rjest&auml;misess&auml;.\",\"publisher\":{\"@id\":\"https:\\\/\\\/www.spky.fi\\\/wopr\\\/#organization\"},\"potentialAction\":[{\"@type\":\"SearchAction\",\"target\":{\"@type\":\"EntryPoint\",\"urlTemplate\":\"https:\\\/\\\/www.spky.fi\\\/wopr\\\/?s={search_term_string}\"},\"query-input\":{\"@type\":\"PropertyValueSpecification\",\"valueRequired\":true,\"valueName\":\"search_term_string\"}}],\"inLanguage\":\"fi\"},{\"@type\":\"Organization\",\"@id\":\"https:\\\/\\\/www.spky.fi\\\/wopr\\\/#organization\",\"name\":\"Suomen Paimenkoirayhdistys ry\",\"url\":\"https:\\\/\\\/www.spky.fi\\\/wopr\\\/\",\"logo\":{\"@type\":\"ImageObject\",\"inLanguage\":\"fi\",\"@id\":\"https:\\\/\\\/www.spky.fi\\\/wopr\\\/#\\\/schema\\\/logo\\\/image\\\/\",\"url\":\"https:\\\/\\\/www.spky.fi\\\/wopr\\\/wp-content\\\/uploads\\\/2024\\\/06\\\/SPKY_MUVA_PNG.png\",\"contentUrl\":\"https:\\\/\\\/www.spky.fi\\\/wopr\\\/wp-content\\\/uploads\\\/2024\\\/06\\\/SPKY_MUVA_PNG.png\",\"width\":3201,\"height\":3126,\"caption\":\"Suomen Paimenkoirayhdistys ry\"},\"image\":{\"@id\":\"https:\\\/\\\/www.spky.fi\\\/wopr\\\/#\\\/schema\\\/logo\\\/image\\\/\"},\"sameAs\":[\"https:\\\/\\\/www.facebook.com\\\/SuomenPaimenkoirayhdistys\"]}]}<\/script>\n<!-- \/ Yoast SEO plugin. -->","yoast_head_json":{"title":"L\u00e4ht\u00f6listat ja tulokset 2024 - Suomen Paimenkoirayhdistys ry","robots":{"index":"index","follow":"follow","max-snippet":"max-snippet:-1","max-image-preview":"max-image-preview:large","max-video-preview":"max-video-preview:-1"},"canonical":"https:\/\/www.spky.fi\/wopr\/lahtolistat-ja-tulokset-2024\/","og_locale":"fi_FI","og_type":"article","og_title":"L\u00e4ht\u00f6listat ja tulokset 2024 - Suomen Paimenkoirayhdistys ry","og_description":"Tulokset julkaistaan kilpailun j\u00e4lkeen kuvana\u00a0SPKY:n Facebook-sivulla\u00a0 tai\u00a0SPKY:n Facebook-ryhm\u00e4ss\u00e4\u00a0sek\u00e4 my\u00f6hemmin t\u00e4ll\u00e4 sivulla.\u00a0 To 9.5. Halikko, Peppi Laine, 3-luokka Tulokset 1. l\u00e4ht\u00f6 ja 2. l\u00e4ht\u00f6 Pe 10.5. Halikko, Peppi Laine, 3-luokka Tulokset 1. l\u00e4ht\u00f6 ja 2. l\u00e4ht\u00f6 La 11.5. Halikko, Peppi Laine, 1- ja 2-luokka Tulokset 1-luokka ja 2-luokka La 18.5. Rantasalmi, Putkisalo, 3-luokka ja 2-luokka Tulokset &hellip; Jatka lukemista L\u00e4ht\u00f6listat ja tulokset 2024 &rarr;","og_url":"https:\/\/www.spky.fi\/wopr\/lahtolistat-ja-tulokset-2024\/","og_site_name":"Suomen Paimenkoirayhdistys ry","article_publisher":"https:\/\/www.facebook.com\/SuomenPaimenkoirayhdistys","article_modified_time":"2025-04-06T06:41:55+00:00","twitter_card":"summary_large_image","twitter_misc":{"Arvioitu lukuaika":"4 minuuttia"},"schema":{"@context":"https:\/\/schema.org","@graph":[{"@type":"WebPage","@id":"https:\/\/www.spky.fi\/wopr\/lahtolistat-ja-tulokset-2024\/","url":"https:\/\/www.spky.fi\/wopr\/lahtolistat-ja-tulokset-2024\/","name":"L\u00e4ht\u00f6listat ja tulokset 2024 - Suomen Paimenkoirayhdistys ry","isPartOf":{"@id":"https:\/\/www.spky.fi\/wopr\/#website"},"datePublished":"2024-03-30T13:24:46+00:00","dateModified":"2025-04-06T06:41:55+00:00","breadcrumb":{"@id":"https:\/\/www.spky.fi\/wopr\/lahtolistat-ja-tulokset-2024\/#breadcrumb"},"inLanguage":"fi","potentialAction":[{"@type":"ReadAction","target":["https:\/\/www.spky.fi\/wopr\/lahtolistat-ja-tulokset-2024\/"]}]},{"@type":"BreadcrumbList","@id":"https:\/\/www.spky.fi\/wopr\/lahtolistat-ja-tulokset-2024\/#breadcrumb","itemListElement":[{"@type":"ListItem","position":1,"name":"Etusivu","item":"https:\/\/www.spky.fi\/wopr\/"},{"@type":"ListItem","position":2,"name":"L\u00e4ht\u00f6listat ja tulokset 2024"}]},{"@type":"WebSite","@id":"https:\/\/www.spky.fi\/wopr\/#website","url":"https:\/\/www.spky.fi\/wopr\/","name":"Suomen Paimenkoirayhdistys ry","description":"Suomen Paimenkoirayhdistys edist&auml;&auml; paimenkoirien ty&ouml;k&auml;ytt&ouml;&auml;. Yhdistys auttaa paimenkoirakurssien, harjoitusten, kilpailujen ja n&auml;yt&ouml;sten j&auml;rjest&auml;misess&auml;.","publisher":{"@id":"https:\/\/www.spky.fi\/wopr\/#organization"},"potentialAction":[{"@type":"SearchAction","target":{"@type":"EntryPoint","urlTemplate":"https:\/\/www.spky.fi\/wopr\/?s={search_term_string}"},"query-input":{"@type":"PropertyValueSpecification","valueRequired":true,"valueName":"search_term_string"}}],"inLanguage":"fi"},{"@type":"Organization","@id":"https:\/\/www.spky.fi\/wopr\/#organization","name":"Suomen Paimenkoirayhdistys ry","url":"https:\/\/www.spky.fi\/wopr\/","logo":{"@type":"ImageObject","inLanguage":"fi","@id":"https:\/\/www.spky.fi\/wopr\/#\/schema\/logo\/image\/","url":"https:\/\/www.spky.fi\/wopr\/wp-content\/uploads\/2024\/06\/SPKY_MUVA_PNG.png","contentUrl":"https:\/\/www.spky.fi\/wopr\/wp-content\/uploads\/2024\/06\/SPKY_MUVA_PNG.png","width":3201,"height":3126,"caption":"Suomen Paimenkoirayhdistys ry"},"image":{"@id":"https:\/\/www.spky.fi\/wopr\/#\/schema\/logo\/image\/"},"sameAs":["https:\/\/www.facebook.com\/SuomenPaimenkoirayhdistys"]}]}},"jetpack_sharing_enabled":true,"jetpack_shortlink":"https:\/\/wp.me\/PaLGv4-1B9","_links":{"self":[{"href":"https:\/\/www.spky.fi\/wopr\/wp-json\/wp\/v2\/pages\/6147","targetHints":{"allow":["GET"]}}],"collection":[{"href":"https:\/\/www.spky.fi\/wopr\/wp-json\/wp\/v2\/pages"}],"about":[{"href":"https:\/\/www.spky.fi\/wopr\/wp-json\/wp\/v2\/types\/page"}],"author":[{"embeddable":true,"href":"https:\/\/www.spky.fi\/wopr\/wp-json\/wp\/v2\/users\/2"}],"replies":[{"embeddable":true,"href":"https:\/\/www.spky.fi\/wopr\/wp-json\/wp\/v2\/comments?post=6147"}],"version-history":[{"count":92,"href":"https:\/\/www.spky.fi\/wopr\/wp-json\/wp\/v2\/pages\/6147\/revisions"}],"predecessor-version":[{"id":7559,"href":"https:\/\/www.spky.fi\/wopr\/wp-json\/wp\/v2\/pages\/6147\/revisions\/7559"}],"wp:attachment":[{"href":"https:\/\/www.spky.fi\/wopr\/wp-json\/wp\/v2\/media?parent=6147"}],"curies":[{"name":"wp","href":"https:\/\/api.w.org\/{rel}","templated":true}]}}